{"id":136,"date":"2023-09-12T14:33:50","date_gmt":"2023-09-12T12:33:50","guid":{"rendered":"https:\/\/lifecostadapta.finnova.eu\/?page_id=136"},"modified":"2026-01-12T09:23:28","modified_gmt":"2026-01-12T09:23:28","slug":"noticias","status":"publish","type":"page","link":"https:\/\/costadapta.energiagrancanaria.com\/?page_id=136","title":{"rendered":"Noticias"},"content":{"rendered":"\t\t<div data-elementor-type=\"wp-page\" data-elementor-id=\"136\" class=\"elementor elementor-136\" data-elementor-settings=\"{&quot;ha_cmc_init_switcher&quot;:&quot;no&quot;}\" data-elementor-post-type=\"page\">\n\t\t\t\t\t\t<section class=\"elementor-section elementor-top-section elementor-element elementor-element-0d378ea elementor-section-boxed elementor-section-height-default elementor-section-height-default\" data-id=\"0d378ea\" data-element_type=\"section\" data-e-type=\"section\" data-settings=\"{&quot;_ha_eqh_enable&quot;:false}\">\n\t\t\t\t\t\t<div class=\"elementor-container elementor-column-gap-default\">\n\t\t\t\t\t<div class=\"elementor-column elementor-col-100 elementor-top-column elementor-element elementor-element-bb007c4\" data-id=\"bb007c4\" data-element_type=\"column\" data-e-type=\"column\">\n\t\t\t<div class=\"elementor-widget-wrap elementor-element-populated\">\n\t\t\t\t\t\t<div class=\"elementor-element elementor-element-885b232 elementor-headline--style-highlight elementor-widget elementor-widget-animated-headline\" data-id=\"885b232\" data-element_type=\"widget\" data-e-type=\"widget\" data-settings=\"{&quot;marker&quot;:&quot;double&quot;,&quot;highlighted_text&quot;:&quot;Noticias&quot;,&quot;headline_style&quot;:&quot;highlight&quot;,&quot;loop&quot;:&quot;yes&quot;,&quot;highlight_animation_duration&quot;:1200,&quot;highlight_iteration_delay&quot;:8000}\" data-widget_type=\"animated-headline.default\">\n\t\t\t\t<div class=\"elementor-widget-container\">\n\t\t\t\t\t\t\t<h3 class=\"elementor-headline\">\n\t\t\t\t<span class=\"elementor-headline-dynamic-wrapper elementor-headline-text-wrapper\">\n\t\t\t\t\t<span class=\"elementor-headline-dynamic-text elementor-headline-text-active\">Noticias<\/span>\n\t\t\t\t<\/span>\n\t\t\t\t<\/h3>\n\t\t\t\t\t\t<\/div>\n\t\t\t\t<\/div>\n\t\t\t\t\t<\/div>\n\t\t<\/div>\n\t\t\t\t\t<\/div>\n\t\t<\/section>\n\t\t\t\t<section class=\"elementor-section elementor-top-section elementor-element elementor-element-1852e86 elementor-section-boxed elementor-section-height-default elementor-section-height-default\" data-id=\"1852e86\" data-element_type=\"section\" data-e-type=\"section\" data-settings=\"{&quot;_ha_eqh_enable&quot;:false}\">\n\t\t\t\t\t\t<div class=\"elementor-container elementor-column-gap-default\">\n\t\t\t\t\t<div class=\"elementor-column elementor-col-100 elementor-top-column elementor-element elementor-element-fd9702d\" data-id=\"fd9702d\" data-element_type=\"column\" data-e-type=\"column\">\n\t\t\t<div class=\"elementor-widget-wrap elementor-element-populated\">\n\t\t\t\t\t\t<div class=\"elementor-element elementor-element-cdf9497 elementor-grid-3 elementor-grid-tablet-2 elementor-grid-mobile-1 elementor-posts--thumbnail-top elementor-posts--show-avatar elementor-card-shadow-yes elementor-posts__hover-gradient elementor-widget elementor-widget-posts\" data-id=\"cdf9497\" data-element_type=\"widget\" data-e-type=\"widget\" data-settings=\"{&quot;pagination_type&quot;:&quot;numbers&quot;,&quot;cards_columns&quot;:&quot;3&quot;,&quot;cards_columns_tablet&quot;:&quot;2&quot;,&quot;cards_columns_mobile&quot;:&quot;1&quot;,&quot;cards_row_gap&quot;:{&quot;unit&quot;:&quot;px&quot;,&quot;size&quot;:35,&quot;sizes&quot;:[]},&quot;cards_row_gap_tablet&quot;:{&quot;unit&quot;:&quot;px&quot;,&quot;size&quot;:&quot;&quot;,&quot;sizes&quot;:[]},&quot;cards_row_gap_mobile&quot;:{&quot;unit&quot;:&quot;px&quot;,&quot;size&quot;:&quot;&quot;,&quot;sizes&quot;:[]}}\" data-widget_type=\"posts.cards\">\n\t\t\t\t<div class=\"elementor-widget-container\">\n\t\t\t\t\t\t\t<div class=\"elementor-posts-container elementor-posts elementor-posts--skin-cards elementor-grid\">\n\t\t\t\t<article class=\"elementor-post elementor-grid-item post-1867 post type-post status-publish format-standard has-post-thumbnail hentry category-news\">\n\t\t\t<div class=\"elementor-post__card\">\n\t\t\t\t<a class=\"elementor-post__thumbnail__link\" href=\"https:\/\/costadapta.energiagrancanaria.com\/?p=1867&#038;lang=en\" tabindex=\"-1\" ><div class=\"elementor-post__thumbnail\"><img decoding=\"async\" width=\"300\" height=\"150\" src=\"https:\/\/costadapta.energiagrancanaria.com\/wp-content\/uploads\/2026\/04\/20260422-en-FIN-GSIS-300x150.png\" class=\"attachment-medium size-medium wp-image-1868\" alt=\"\" srcset=\"https:\/\/costadapta.energiagrancanaria.com\/wp-content\/uploads\/2026\/04\/20260422-en-FIN-GSIS-300x150.png 300w, https:\/\/costadapta.energiagrancanaria.com\/wp-content\/uploads\/2026\/04\/20260422-en-FIN-GSIS-1024x512.png 1024w, https:\/\/costadapta.energiagrancanaria.com\/wp-content\/uploads\/2026\/04\/20260422-en-FIN-GSIS-768x384.png 768w, https:\/\/costadapta.energiagrancanaria.com\/wp-content\/uploads\/2026\/04\/20260422-en-FIN-GSIS-1536x768.png 1536w, https:\/\/costadapta.energiagrancanaria.com\/wp-content\/uploads\/2026\/04\/20260422-en-FIN-GSIS-2048x1024.png 2048w, https:\/\/costadapta.energiagrancanaria.com\/wp-content\/uploads\/2026\/04\/20260422-en-FIN-GSIS-1200x600.png 1200w, https:\/\/costadapta.energiagrancanaria.com\/wp-content\/uploads\/2026\/04\/20260422-en-FIN-GSIS-1980x990.png 1980w\" sizes=\"(max-width: 300px) 100vw, 300px\" \/><\/div><\/a>\n\t\t\t\t<div class=\"elementor-post__badge\">News<\/div>\n\t\t\t\t<div class=\"elementor-post__avatar\">\n\t\t\t<img alt='costadata_admin' src='https:\/\/secure.gravatar.com\/avatar\/1dbf219e9c15205ae1907de153016a10430ceea83f608ad359e8411b45f3c958?s=128&#038;d=mm&#038;r=g' srcset='https:\/\/secure.gravatar.com\/avatar\/1dbf219e9c15205ae1907de153016a10430ceea83f608ad359e8411b45f3c958?s=256&#038;d=mm&#038;r=g 2x' class='avatar avatar-128 photo' height='128' width='128' \/>\t\t<\/div>\n\t\t\t\t<div class=\"elementor-post__text\">\n\t\t\t\t<h3 class=\"elementor-post__title\">\n\t\t\t<a href=\"https:\/\/costadapta.energiagrancanaria.com\/?p=1867&amp;lang=en\" >\n\t\t\t\tLIFE COSTAdapta Closes the GSIS 2026 Global Summit by Presenting Its Innovative Coastal Resilience Model with Strong Institutional Support\t\t\t<\/a>\n\t\t<\/h3>\n\t\t\t\t<div class=\"elementor-post__excerpt\">\n\t\t\t<p>The project showcased its tidal pool-reef prototype in Gran Canaria as a solution to the concentration of climate risk on the island&#8217;s coastline Las Palmas<\/p>\n\t\t<\/div>\n\t\t\n\t\t<a class=\"elementor-post__read-more\" href=\"https:\/\/costadapta.energiagrancanaria.com\/?p=1867&#038;lang=en\" aria-label=\"Read more about LIFE COSTAdapta Closes the GSIS 2026 Global Summit by Presenting Its Innovative Coastal Resilience Model with Strong Institutional Support\" tabindex=\"-1\" >\n\t\t\tLeer m\u00e1s \u00bb\t\t<\/a>\n\n\t\t\t\t<\/div>\n\t\t\t\t<div class=\"elementor-post__meta-data\">\n\t\t\t\t\t<span class=\"elementor-post-date\">\n\t\t\t23 de April de 2026\t\t<\/span>\n\t\t\t\t<span class=\"elementor-post-avatar\">\n\t\t\tNo Comments\t\t<\/span>\n\t\t\t\t<\/div>\n\t\t\t\t\t<\/div>\n\t\t<\/article>\n\t\t\t\t<article class=\"elementor-post elementor-grid-item post-1863 post type-post status-publish format-standard has-post-thumbnail hentry category-noticias\">\n\t\t\t<div class=\"elementor-post__card\">\n\t\t\t\t<a class=\"elementor-post__thumbnail__link\" href=\"https:\/\/costadapta.energiagrancanaria.com\/?p=1863\" tabindex=\"-1\" ><div class=\"elementor-post__thumbnail\"><img decoding=\"async\" width=\"300\" height=\"150\" src=\"https:\/\/costadapta.energiagrancanaria.com\/wp-content\/uploads\/2026\/04\/20260422-esp-FIN-GSIS-300x150.png\" class=\"attachment-medium size-medium wp-image-1864\" alt=\"\" srcset=\"https:\/\/costadapta.energiagrancanaria.com\/wp-content\/uploads\/2026\/04\/20260422-esp-FIN-GSIS-300x150.png 300w, https:\/\/costadapta.energiagrancanaria.com\/wp-content\/uploads\/2026\/04\/20260422-esp-FIN-GSIS-1024x512.png 1024w, https:\/\/costadapta.energiagrancanaria.com\/wp-content\/uploads\/2026\/04\/20260422-esp-FIN-GSIS-768x384.png 768w, https:\/\/costadapta.energiagrancanaria.com\/wp-content\/uploads\/2026\/04\/20260422-esp-FIN-GSIS-1536x768.png 1536w, https:\/\/costadapta.energiagrancanaria.com\/wp-content\/uploads\/2026\/04\/20260422-esp-FIN-GSIS-2048x1024.png 2048w, https:\/\/costadapta.energiagrancanaria.com\/wp-content\/uploads\/2026\/04\/20260422-esp-FIN-GSIS-1200x600.png 1200w, https:\/\/costadapta.energiagrancanaria.com\/wp-content\/uploads\/2026\/04\/20260422-esp-FIN-GSIS-1980x990.png 1980w\" sizes=\"(max-width: 300px) 100vw, 300px\" \/><\/div><\/a>\n\t\t\t\t<div class=\"elementor-post__badge\">Noticias<\/div>\n\t\t\t\t<div class=\"elementor-post__avatar\">\n\t\t\t<img alt='costadata_admin' src='https:\/\/secure.gravatar.com\/avatar\/1dbf219e9c15205ae1907de153016a10430ceea83f608ad359e8411b45f3c958?s=128&#038;d=mm&#038;r=g' srcset='https:\/\/secure.gravatar.com\/avatar\/1dbf219e9c15205ae1907de153016a10430ceea83f608ad359e8411b45f3c958?s=256&#038;d=mm&#038;r=g 2x' class='avatar avatar-128 photo' height='128' width='128' \/>\t\t<\/div>\n\t\t\t\t<div class=\"elementor-post__text\">\n\t\t\t\t<h3 class=\"elementor-post__title\">\n\t\t\t<a href=\"https:\/\/costadapta.energiagrancanaria.com\/?p=1863\" >\n\t\t\t\tLIFE COSTAdapta clausura la cumbre global GSIS 2026 presentando su innovador modelo de resiliencia costera con un fuerte respaldo institucional\t\t\t<\/a>\n\t\t<\/h3>\n\t\t\t\t<div class=\"elementor-post__excerpt\">\n\t\t\t<p>El proyecto expuso en Gran Canaria su prototipo de arrecife-charco de marea como soluci\u00f3n frente a la concentraci\u00f3n del riesgo clim\u00e1tico en el litoral insular<\/p>\n\t\t<\/div>\n\t\t\n\t\t<a class=\"elementor-post__read-more\" href=\"https:\/\/costadapta.energiagrancanaria.com\/?p=1863\" aria-label=\"Read more about LIFE COSTAdapta clausura la cumbre global GSIS 2026 presentando su innovador modelo de resiliencia costera con un fuerte respaldo institucional\" tabindex=\"-1\" >\n\t\t\tLeer m\u00e1s \u00bb\t\t<\/a>\n\n\t\t\t\t<\/div>\n\t\t\t\t<div class=\"elementor-post__meta-data\">\n\t\t\t\t\t<span class=\"elementor-post-date\">\n\t\t\t23 de April de 2026\t\t<\/span>\n\t\t\t\t<span class=\"elementor-post-avatar\">\n\t\t\tNo Comments\t\t<\/span>\n\t\t\t\t<\/div>\n\t\t\t\t\t<\/div>\n\t\t<\/article>\n\t\t\t\t<article class=\"elementor-post elementor-grid-item post-1860 post type-post status-publish format-standard has-post-thumbnail hentry category-news\">\n\t\t\t<div class=\"elementor-post__card\">\n\t\t\t\t<a class=\"elementor-post__thumbnail__link\" href=\"https:\/\/costadapta.energiagrancanaria.com\/?p=1860&#038;lang=en\" tabindex=\"-1\" ><div class=\"elementor-post__thumbnail\"><img decoding=\"async\" width=\"300\" height=\"150\" src=\"https:\/\/costadapta.energiagrancanaria.com\/wp-content\/uploads\/2026\/04\/20260422-en-GSIS-DIA-1-300x150.png\" class=\"attachment-medium size-medium wp-image-1861\" alt=\"\" srcset=\"https:\/\/costadapta.energiagrancanaria.com\/wp-content\/uploads\/2026\/04\/20260422-en-GSIS-DIA-1-300x150.png 300w, https:\/\/costadapta.energiagrancanaria.com\/wp-content\/uploads\/2026\/04\/20260422-en-GSIS-DIA-1-1024x512.png 1024w, https:\/\/costadapta.energiagrancanaria.com\/wp-content\/uploads\/2026\/04\/20260422-en-GSIS-DIA-1-768x384.png 768w, https:\/\/costadapta.energiagrancanaria.com\/wp-content\/uploads\/2026\/04\/20260422-en-GSIS-DIA-1-1536x768.png 1536w, https:\/\/costadapta.energiagrancanaria.com\/wp-content\/uploads\/2026\/04\/20260422-en-GSIS-DIA-1-2048x1024.png 2048w, https:\/\/costadapta.energiagrancanaria.com\/wp-content\/uploads\/2026\/04\/20260422-en-GSIS-DIA-1-1200x600.png 1200w, https:\/\/costadapta.energiagrancanaria.com\/wp-content\/uploads\/2026\/04\/20260422-en-GSIS-DIA-1-1980x990.png 1980w\" sizes=\"(max-width: 300px) 100vw, 300px\" \/><\/div><\/a>\n\t\t\t\t<div class=\"elementor-post__badge\">News<\/div>\n\t\t\t\t<div class=\"elementor-post__avatar\">\n\t\t\t<img alt='costadata_admin' src='https:\/\/secure.gravatar.com\/avatar\/1dbf219e9c15205ae1907de153016a10430ceea83f608ad359e8411b45f3c958?s=128&#038;d=mm&#038;r=g' srcset='https:\/\/secure.gravatar.com\/avatar\/1dbf219e9c15205ae1907de153016a10430ceea83f608ad359e8411b45f3c958?s=256&#038;d=mm&#038;r=g 2x' class='avatar avatar-128 photo' height='128' width='128' \/>\t\t<\/div>\n\t\t\t\t<div class=\"elementor-post__text\">\n\t\t\t\t<h3 class=\"elementor-post__title\">\n\t\t\t<a href=\"https:\/\/costadapta.energiagrancanaria.com\/?p=1860&amp;lang=en\" >\n\t\t\t\tLIFE COSTAdapta strengthens its leadership in coastal resilience at the Global Sustainable Islands Summit 2026 with a dual strategic action in Gran Canaria\t\t\t<\/a>\n\t\t<\/h3>\n\t\t\t\t<div class=\"elementor-post__excerpt\">\n\t\t\t<p>Brussels, 22 April 2026. The European project LIFE COSTAdapta has consolidated its role as an international benchmark in coastal adaptation during the Global Sustainable Islands<\/p>\n\t\t<\/div>\n\t\t\n\t\t<a class=\"elementor-post__read-more\" href=\"https:\/\/costadapta.energiagrancanaria.com\/?p=1860&#038;lang=en\" aria-label=\"Read more about LIFE COSTAdapta strengthens its leadership in coastal resilience at the Global Sustainable Islands Summit 2026 with a dual strategic action in Gran Canaria\" tabindex=\"-1\" >\n\t\t\tLeer m\u00e1s \u00bb\t\t<\/a>\n\n\t\t\t\t<\/div>\n\t\t\t\t<div class=\"elementor-post__meta-data\">\n\t\t\t\t\t<span class=\"elementor-post-date\">\n\t\t\t22 de April de 2026\t\t<\/span>\n\t\t\t\t<span class=\"elementor-post-avatar\">\n\t\t\tNo Comments\t\t<\/span>\n\t\t\t\t<\/div>\n\t\t\t\t\t<\/div>\n\t\t<\/article>\n\t\t\t\t<article class=\"elementor-post elementor-grid-item post-1856 post type-post status-publish format-standard has-post-thumbnail hentry category-noticias\">\n\t\t\t<div class=\"elementor-post__card\">\n\t\t\t\t<a class=\"elementor-post__thumbnail__link\" href=\"https:\/\/costadapta.energiagrancanaria.com\/?p=1856\" tabindex=\"-1\" ><div class=\"elementor-post__thumbnail\"><img loading=\"lazy\" decoding=\"async\" width=\"300\" height=\"150\" src=\"https:\/\/costadapta.energiagrancanaria.com\/wp-content\/uploads\/2026\/04\/20260422-esp-GSIS-DIA-1-300x150.png\" class=\"attachment-medium size-medium wp-image-1858\" alt=\"\" srcset=\"https:\/\/costadapta.energiagrancanaria.com\/wp-content\/uploads\/2026\/04\/20260422-esp-GSIS-DIA-1-300x150.png 300w, https:\/\/costadapta.energiagrancanaria.com\/wp-content\/uploads\/2026\/04\/20260422-esp-GSIS-DIA-1-1024x512.png 1024w, https:\/\/costadapta.energiagrancanaria.com\/wp-content\/uploads\/2026\/04\/20260422-esp-GSIS-DIA-1-768x384.png 768w, https:\/\/costadapta.energiagrancanaria.com\/wp-content\/uploads\/2026\/04\/20260422-esp-GSIS-DIA-1-1536x768.png 1536w, https:\/\/costadapta.energiagrancanaria.com\/wp-content\/uploads\/2026\/04\/20260422-esp-GSIS-DIA-1-2048x1024.png 2048w, https:\/\/costadapta.energiagrancanaria.com\/wp-content\/uploads\/2026\/04\/20260422-esp-GSIS-DIA-1-1200x600.png 1200w, https:\/\/costadapta.energiagrancanaria.com\/wp-content\/uploads\/2026\/04\/20260422-esp-GSIS-DIA-1-1980x990.png 1980w\" sizes=\"(max-width: 300px) 100vw, 300px\" \/><\/div><\/a>\n\t\t\t\t<div class=\"elementor-post__badge\">Noticias<\/div>\n\t\t\t\t<div class=\"elementor-post__avatar\">\n\t\t\t<img alt='costadata_admin' src='https:\/\/secure.gravatar.com\/avatar\/1dbf219e9c15205ae1907de153016a10430ceea83f608ad359e8411b45f3c958?s=128&#038;d=mm&#038;r=g' srcset='https:\/\/secure.gravatar.com\/avatar\/1dbf219e9c15205ae1907de153016a10430ceea83f608ad359e8411b45f3c958?s=256&#038;d=mm&#038;r=g 2x' class='avatar avatar-128 photo' height='128' width='128' \/>\t\t<\/div>\n\t\t\t\t<div class=\"elementor-post__text\">\n\t\t\t\t<h3 class=\"elementor-post__title\">\n\t\t\t<a href=\"https:\/\/costadapta.energiagrancanaria.com\/?p=1856\" >\n\t\t\t\tLIFE COSTAdapta refuerza su liderazgo en resiliencia costera en el Global Sustainable Islands Summit 2026 con una doble acci\u00f3n estrat\u00e9gica en Gran Canaria\t\t\t<\/a>\n\t\t<\/h3>\n\t\t\t\t<div class=\"elementor-post__excerpt\">\n\t\t\t<p>Bruselas, 22 de abril de 2026. El proyecto europeo LIFE COSTAdapta ha consolidado su papel como referente internacional en adaptaci\u00f3n costera durante el Global Sustainable<\/p>\n\t\t<\/div>\n\t\t\n\t\t<a class=\"elementor-post__read-more\" href=\"https:\/\/costadapta.energiagrancanaria.com\/?p=1856\" aria-label=\"Read more about LIFE COSTAdapta refuerza su liderazgo en resiliencia costera en el Global Sustainable Islands Summit 2026 con una doble acci\u00f3n estrat\u00e9gica en Gran Canaria\" tabindex=\"-1\" >\n\t\t\tLeer m\u00e1s \u00bb\t\t<\/a>\n\n\t\t\t\t<\/div>\n\t\t\t\t<div class=\"elementor-post__meta-data\">\n\t\t\t\t\t<span class=\"elementor-post-date\">\n\t\t\t22 de April de 2026\t\t<\/span>\n\t\t\t\t<span class=\"elementor-post-avatar\">\n\t\t\tNo Comments\t\t<\/span>\n\t\t\t\t<\/div>\n\t\t\t\t\t<\/div>\n\t\t<\/article>\n\t\t\t\t<article class=\"elementor-post elementor-grid-item post-1852 post type-post status-publish format-standard has-post-thumbnail hentry category-news\">\n\t\t\t<div class=\"elementor-post__card\">\n\t\t\t\t<a class=\"elementor-post__thumbnail__link\" href=\"https:\/\/costadapta.energiagrancanaria.com\/?p=1852&#038;lang=en\" tabindex=\"-1\" ><div class=\"elementor-post__thumbnail\"><img loading=\"lazy\" decoding=\"async\" width=\"300\" height=\"150\" src=\"https:\/\/costadapta.energiagrancanaria.com\/wp-content\/uploads\/2026\/04\/20260415-Innovation-and-Creativity-Week-2-300x150.jpg\" class=\"attachment-medium size-medium wp-image-1853\" alt=\"\" srcset=\"https:\/\/costadapta.energiagrancanaria.com\/wp-content\/uploads\/2026\/04\/20260415-Innovation-and-Creativity-Week-2-300x150.jpg 300w, https:\/\/costadapta.energiagrancanaria.com\/wp-content\/uploads\/2026\/04\/20260415-Innovation-and-Creativity-Week-2-768x384.jpg 768w, https:\/\/costadapta.energiagrancanaria.com\/wp-content\/uploads\/2026\/04\/20260415-Innovation-and-Creativity-Week-2.jpg 800w\" sizes=\"(max-width: 300px) 100vw, 300px\" \/><\/div><\/a>\n\t\t\t\t<div class=\"elementor-post__badge\">News<\/div>\n\t\t\t\t<div class=\"elementor-post__avatar\">\n\t\t\t<img alt='costadata_admin' src='https:\/\/secure.gravatar.com\/avatar\/1dbf219e9c15205ae1907de153016a10430ceea83f608ad359e8411b45f3c958?s=128&#038;d=mm&#038;r=g' srcset='https:\/\/secure.gravatar.com\/avatar\/1dbf219e9c15205ae1907de153016a10430ceea83f608ad359e8411b45f3c958?s=256&#038;d=mm&#038;r=g 2x' class='avatar avatar-128 photo' height='128' width='128' \/>\t\t<\/div>\n\t\t\t\t<div class=\"elementor-post__text\">\n\t\t\t\t<h3 class=\"elementor-post__title\">\n\t\t\t<a href=\"https:\/\/costadapta.energiagrancanaria.com\/?p=1852&amp;lang=en\" >\n\t\t\t\tLIFE COSTAdapta drives coastal innovation from Gran Canaria during World Creativity and Innovation Week\t\t\t<\/a>\n\t\t<\/h3>\n\t\t\t\t<div class=\"elementor-post__excerpt\">\n\t\t\t<p>Brussels, 15 April 2026. In the framework of World Creativity and Innovation Week, the European project LIFE COSTAdapta strengthens its positioning as a benchmark in<\/p>\n\t\t<\/div>\n\t\t\n\t\t<a class=\"elementor-post__read-more\" href=\"https:\/\/costadapta.energiagrancanaria.com\/?p=1852&#038;lang=en\" aria-label=\"Read more about LIFE COSTAdapta drives coastal innovation from Gran Canaria during World Creativity and Innovation Week\" tabindex=\"-1\" >\n\t\t\tLeer m\u00e1s \u00bb\t\t<\/a>\n\n\t\t\t\t<\/div>\n\t\t\t\t<div class=\"elementor-post__meta-data\">\n\t\t\t\t\t<span class=\"elementor-post-date\">\n\t\t\t15 de April de 2026\t\t<\/span>\n\t\t\t\t<span class=\"elementor-post-avatar\">\n\t\t\tNo Comments\t\t<\/span>\n\t\t\t\t<\/div>\n\t\t\t\t\t<\/div>\n\t\t<\/article>\n\t\t\t\t<article class=\"elementor-post elementor-grid-item post-1849 post type-post status-publish format-standard has-post-thumbnail hentry category-noticias\">\n\t\t\t<div class=\"elementor-post__card\">\n\t\t\t\t<a class=\"elementor-post__thumbnail__link\" href=\"https:\/\/costadapta.energiagrancanaria.com\/?p=1849\" tabindex=\"-1\" ><div class=\"elementor-post__thumbnail\"><img loading=\"lazy\" decoding=\"async\" width=\"300\" height=\"150\" src=\"https:\/\/costadapta.energiagrancanaria.com\/wp-content\/uploads\/2026\/04\/20260415-Innovation-and-Creativity-Week-300x150.jpg\" class=\"attachment-medium size-medium wp-image-1850\" alt=\"\" srcset=\"https:\/\/costadapta.energiagrancanaria.com\/wp-content\/uploads\/2026\/04\/20260415-Innovation-and-Creativity-Week-300x150.jpg 300w, https:\/\/costadapta.energiagrancanaria.com\/wp-content\/uploads\/2026\/04\/20260415-Innovation-and-Creativity-Week-768x384.jpg 768w, https:\/\/costadapta.energiagrancanaria.com\/wp-content\/uploads\/2026\/04\/20260415-Innovation-and-Creativity-Week.jpg 800w\" sizes=\"(max-width: 300px) 100vw, 300px\" \/><\/div><\/a>\n\t\t\t\t<div class=\"elementor-post__badge\">Noticias<\/div>\n\t\t\t\t<div class=\"elementor-post__avatar\">\n\t\t\t<img alt='costadata_admin' src='https:\/\/secure.gravatar.com\/avatar\/1dbf219e9c15205ae1907de153016a10430ceea83f608ad359e8411b45f3c958?s=128&#038;d=mm&#038;r=g' srcset='https:\/\/secure.gravatar.com\/avatar\/1dbf219e9c15205ae1907de153016a10430ceea83f608ad359e8411b45f3c958?s=256&#038;d=mm&#038;r=g 2x' class='avatar avatar-128 photo' height='128' width='128' \/>\t\t<\/div>\n\t\t\t\t<div class=\"elementor-post__text\">\n\t\t\t\t<h3 class=\"elementor-post__title\">\n\t\t\t<a href=\"https:\/\/costadapta.energiagrancanaria.com\/?p=1849\" >\n\t\t\t\tLIFE COSTAdapta impulsa la innovaci\u00f3n costera desde Gran Canaria en la Semana Mundial de la Creatividad y la Innovaci\u00f3n\t\t\t<\/a>\n\t\t<\/h3>\n\t\t\t\t<div class=\"elementor-post__excerpt\">\n\t\t\t<p>Bruselas, 15 de abril de 2026.&nbsp;En el marco de la Semana Mundial de la Creatividad y la Innovaci\u00f3n, el proyecto europeo LIFE COSTAdapta refuerza su<\/p>\n\t\t<\/div>\n\t\t\n\t\t<a class=\"elementor-post__read-more\" href=\"https:\/\/costadapta.energiagrancanaria.com\/?p=1849\" aria-label=\"Read more about LIFE COSTAdapta impulsa la innovaci\u00f3n costera desde Gran Canaria en la Semana Mundial de la Creatividad y la Innovaci\u00f3n\" tabindex=\"-1\" >\n\t\t\tLeer m\u00e1s \u00bb\t\t<\/a>\n\n\t\t\t\t<\/div>\n\t\t\t\t<div class=\"elementor-post__meta-data\">\n\t\t\t\t\t<span class=\"elementor-post-date\">\n\t\t\t15 de April de 2026\t\t<\/span>\n\t\t\t\t<span class=\"elementor-post-avatar\">\n\t\t\tNo Comments\t\t<\/span>\n\t\t\t\t<\/div>\n\t\t\t\t\t<\/div>\n\t\t<\/article>\n\t\t\t\t<\/div>\n\t\t\n\t\t\t\t<div class=\"e-load-more-anchor\" data-page=\"1\" data-max-page=\"30\" data-next-page=\"https:\/\/costadapta.energiagrancanaria.com\/index.php?rest_route=%2Fwp%2Fv2%2Fpages%2F136&#038;paged=2\"><\/div>\n\t\t\t\t<nav class=\"elementor-pagination\" aria-label=\"Pagination\">\n\t\t\t<span aria-current=\"page\" class=\"page-numbers current\"><span class=\"elementor-screen-only\">Page<\/span>1<\/span>\n<a class=\"page-numbers\" href=\"https:\/\/costadapta.energiagrancanaria.com\/index.php\/?paged=2\"><span class=\"elementor-screen-only\">Page<\/span>2<\/a>\n<a class=\"page-numbers\" href=\"https:\/\/costadapta.energiagrancanaria.com\/index.php\/?paged=3\"><span class=\"elementor-screen-only\">Page<\/span>3<\/a>\n<a class=\"page-numbers\" href=\"https:\/\/costadapta.energiagrancanaria.com\/index.php\/?paged=4\"><span class=\"elementor-screen-only\">Page<\/span>4<\/a>\n<a class=\"page-numbers\" href=\"https:\/\/costadapta.energiagrancanaria.com\/index.php\/?paged=5\"><span class=\"elementor-screen-only\">Page<\/span>5<\/a>\n<a class=\"page-numbers\" href=\"https:\/\/costadapta.energiagrancanaria.com\/index.php\/?paged=6\"><span class=\"elementor-screen-only\">Page<\/span>6<\/a>\n<a class=\"page-numbers\" href=\"https:\/\/costadapta.energiagrancanaria.com\/index.php\/?paged=7\"><span class=\"elementor-screen-only\">Page<\/span>7<\/a>\n<a class=\"page-numbers\" href=\"https:\/\/costadapta.energiagrancanaria.com\/index.php\/?paged=8\"><span class=\"elementor-screen-only\">Page<\/span>8<\/a>\n<a class=\"page-numbers\" href=\"https:\/\/costadapta.energiagrancanaria.com\/index.php\/?paged=9\"><span class=\"elementor-screen-only\">Page<\/span>9<\/a>\n<a class=\"page-numbers\" href=\"https:\/\/costadapta.energiagrancanaria.com\/index.php\/?paged=10\"><span class=\"elementor-screen-only\">Page<\/span>10<\/a>\n<a class=\"page-numbers\" href=\"https:\/\/costadapta.energiagrancanaria.com\/index.php\/?paged=11\"><span class=\"elementor-screen-only\">Page<\/span>11<\/a>\n<a class=\"page-numbers\" href=\"https:\/\/costadapta.energiagrancanaria.com\/index.php\/?paged=12\"><span class=\"elementor-screen-only\">Page<\/span>12<\/a>\n<a class=\"page-numbers\" href=\"https:\/\/costadapta.energiagrancanaria.com\/index.php\/?paged=13\"><span class=\"elementor-screen-only\">Page<\/span>13<\/a>\n<a class=\"page-numbers\" href=\"https:\/\/costadapta.energiagrancanaria.com\/index.php\/?paged=14\"><span class=\"elementor-screen-only\">Page<\/span>14<\/a>\n<a class=\"page-numbers\" href=\"https:\/\/costadapta.energiagrancanaria.com\/index.php\/?paged=15\"><span class=\"elementor-screen-only\">Page<\/span>15<\/a>\n<a class=\"page-numbers\" href=\"https:\/\/costadapta.energiagrancanaria.com\/index.php\/?paged=16\"><span class=\"elementor-screen-only\">Page<\/span>16<\/a>\n<a class=\"page-numbers\" href=\"https:\/\/costadapta.energiagrancanaria.com\/index.php\/?paged=17\"><span class=\"elementor-screen-only\">Page<\/span>17<\/a>\n<a class=\"page-numbers\" href=\"https:\/\/costadapta.energiagrancanaria.com\/index.php\/?paged=18\"><span class=\"elementor-screen-only\">Page<\/span>18<\/a>\n<a class=\"page-numbers\" href=\"https:\/\/costadapta.energiagrancanaria.com\/index.php\/?paged=19\"><span class=\"elementor-screen-only\">Page<\/span>19<\/a>\n<a class=\"page-numbers\" href=\"https:\/\/costadapta.energiagrancanaria.com\/index.php\/?paged=20\"><span class=\"elementor-screen-only\">Page<\/span>20<\/a>\n<a class=\"page-numbers\" href=\"https:\/\/costadapta.energiagrancanaria.com\/index.php\/?paged=21\"><span class=\"elementor-screen-only\">Page<\/span>21<\/a>\n<a class=\"page-numbers\" href=\"https:\/\/costadapta.energiagrancanaria.com\/index.php\/?paged=22\"><span class=\"elementor-screen-only\">Page<\/span>22<\/a>\n<a class=\"page-numbers\" href=\"https:\/\/costadapta.energiagrancanaria.com\/index.php\/?paged=23\"><span class=\"elementor-screen-only\">Page<\/span>23<\/a>\n<a class=\"page-numbers\" href=\"https:\/\/costadapta.energiagrancanaria.com\/index.php\/?paged=24\"><span class=\"elementor-screen-only\">Page<\/span>24<\/a>\n<a class=\"page-numbers\" href=\"https:\/\/costadapta.energiagrancanaria.com\/index.php\/?paged=25\"><span class=\"elementor-screen-only\">Page<\/span>25<\/a>\t\t<\/nav>\n\t\t\t\t\t\t<\/div>\n\t\t\t\t<\/div>\n\t\t\t\t<div class=\"elementor-element elementor-element-b5cce09 elementor-widget-divider--view-line elementor-widget elementor-widget-divider\" data-id=\"b5cce09\" data-element_type=\"widget\" data-e-type=\"widget\" data-widget_type=\"divider.default\">\n\t\t\t\t<div class=\"elementor-widget-container\">\n\t\t\t\t\t\t\t<div class=\"elementor-divider\">\n\t\t\t<span class=\"elementor-divider-separator\">\n\t\t\t\t\t\t<\/span>\n\t\t<\/div>\n\t\t\t\t\t\t<\/div>\n\t\t\t\t<\/div>\n\t\t\t\t\t<\/div>\n\t\t<\/div>\n\t\t\t\t\t<\/div>\n\t\t<\/section>\n\t\t<div class=\"elementor-element elementor-element-9c3e680 e-flex e-con-boxed e-con e-parent\" data-id=\"9c3e680\" data-element_type=\"container\" data-e-type=\"container\" data-settings=\"{&quot;_ha_eqh_enable&quot;:false}\">\n\t\t\t\t\t<div class=\"e-con-inner\">\n\t\t\t\t<div class=\"elementor-element elementor-element-52049e7 elementor-widget elementor-widget-heading\" data-id=\"52049e7\" data-element_type=\"widget\" data-e-type=\"widget\" data-widget_type=\"heading.default\">\n\t\t\t\t<div class=\"elementor-widget-container\">\n\t\t\t\t\t<h4 class=\"elementor-heading-title elementor-size-default\">Medios de comunicaci\u00f3n<\/h4>\t\t\t\t<\/div>\n\t\t\t\t<\/div>\n\t\t\t\t<div class=\"elementor-element elementor-element-40f9390 elementor-grid-eael-col-4 elementor-grid-tablet-eael-col-2 elementor-grid-mobile-eael-col-1 elementor-widget elementor-widget-eael-post-grid\" data-id=\"40f9390\" data-element_type=\"widget\" data-e-type=\"widget\" data-settings=\"{&quot;eael_post_grid_columns&quot;:&quot;eael-col-4&quot;,&quot;eael_post_grid_columns_tablet&quot;:&quot;eael-col-2&quot;,&quot;eael_post_grid_columns_mobile&quot;:&quot;eael-col-1&quot;}\" data-widget_type=\"eael-post-grid.default\">\n\t\t\t\t<div class=\"elementor-widget-container\">\n\t\t\t\t\t<div id=\"eael-post-grid-40f9390\" class=\"eael-post-grid-container\">\n            <div class=\"eael-post-grid eael-post-appender eael-post-appender-40f9390 eael-post-grid-style-one\" data-layout-mode=\"masonry\"><article class=\"eael-grid-post  eael-post-grid-column eael-pg-post-1742 category-externas\" data-id=\"1742\">\n        <div class=\"eael-grid-post-holder\">\n            <div class=\"eael-grid-post-holder-inner\"><div class=\"eael-entry-media\"><div class=\"eael-entry-overlay fade-in\"><i class=\"fas fa-long-arrow-alt-right\" aria-hidden=\"true\"><\/i><a href=\"https:\/\/costadapta.energiagrancanaria.com\/?p=1742\"><\/a><\/div><div class=\"eael-entry-thumbnail \">\n                <img loading=\"lazy\" decoding=\"async\" width=\"300\" height=\"210\" src=\"https:\/\/costadapta.energiagrancanaria.com\/wp-content\/uploads\/2026\/01\/cabildo-kjxF-U2109449884836R-1200x840@Canarias7-300x210.webp\" class=\"attachment-medium size-medium wp-image-1743\" alt=\"\" srcset=\"https:\/\/costadapta.energiagrancanaria.com\/wp-content\/uploads\/2026\/01\/cabildo-kjxF-U2109449884836R-1200x840@Canarias7-300x210.webp 300w, https:\/\/costadapta.energiagrancanaria.com\/wp-content\/uploads\/2026\/01\/cabildo-kjxF-U2109449884836R-1200x840@Canarias7-1024x717.webp 1024w, https:\/\/costadapta.energiagrancanaria.com\/wp-content\/uploads\/2026\/01\/cabildo-kjxF-U2109449884836R-1200x840@Canarias7-768x538.webp 768w, https:\/\/costadapta.energiagrancanaria.com\/wp-content\/uploads\/2026\/01\/cabildo-kjxF-U2109449884836R-1200x840@Canarias7.webp 1200w\" sizes=\"(max-width: 300px) 100vw, 300px\" \/>\n            <\/div>\n        <\/div><div class=\"eael-entry-wrapper\"><header class=\"eael-entry-header\"><h2 class=\"eael-entry-title\"><a class=\"eael-grid-post-link\" href=\"https:\/\/costadapta.energiagrancanaria.com\/?p=1742\" title=\"El Cabildo presenta su proyecto LIFE COSTAdapta en la cumbre del clima en Dubai\">El Cabildo presenta su proyecto LIFE COSTAdapta en la cumbre del clima en Dubai<\/a><\/h2><\/header><div class=\"eael-entry-content\">\n                        <div class=\"eael-grid-post-excerpt\"><p>El estudio, que se est\u00e1 llevando a cabo en la...<\/p><a href=\"https:\/\/costadapta.energiagrancanaria.com\/?p=1742\" class=\"eael-post-elements-readmore-btn\">Leer m\u00e1s<\/a><\/div>\n                    <\/div><\/div><\/div>\n        <\/div>\n    <\/article><article class=\"eael-grid-post  eael-post-grid-column eael-pg-post-1732 category-externas\" data-id=\"1732\">\n        <div class=\"eael-grid-post-holder\">\n            <div class=\"eael-grid-post-holder-inner\"><div class=\"eael-entry-media\"><div class=\"eael-entry-overlay fade-in\"><i class=\"fas fa-long-arrow-alt-right\" aria-hidden=\"true\"><\/i><a href=\"https:\/\/costadapta.energiagrancanaria.com\/?p=1732\"><\/a><\/div><div class=\"eael-entry-thumbnail \">\n                <img loading=\"lazy\" decoding=\"async\" width=\"300\" height=\"169\" src=\"https:\/\/costadapta.energiagrancanaria.com\/wp-content\/uploads\/2026\/01\/diseno-sin-titulo-2025-11-28t193002-455_4_1000x563-300x169.webp\" class=\"attachment-medium size-medium wp-image-1733\" alt=\"\" srcset=\"https:\/\/costadapta.energiagrancanaria.com\/wp-content\/uploads\/2026\/01\/diseno-sin-titulo-2025-11-28t193002-455_4_1000x563-300x169.webp 300w, https:\/\/costadapta.energiagrancanaria.com\/wp-content\/uploads\/2026\/01\/diseno-sin-titulo-2025-11-28t193002-455_4_1000x563-768x432.webp 768w, https:\/\/costadapta.energiagrancanaria.com\/wp-content\/uploads\/2026\/01\/diseno-sin-titulo-2025-11-28t193002-455_4_1000x563.webp 1000w\" sizes=\"(max-width: 300px) 100vw, 300px\" \/>\n            <\/div>\n        <\/div><div class=\"eael-entry-wrapper\"><header class=\"eael-entry-header\"><h2 class=\"eael-entry-title\"><a class=\"eael-grid-post-link\" href=\"https:\/\/costadapta.energiagrancanaria.com\/?p=1732\" title=\"Del dique al charco de Canarias: ingenier\u00eda mar\u00edtima para salvar las casas de San Felipe\">Del dique al charco de Canarias: ingenier\u00eda mar\u00edtima para salvar las casas de San Felipe<\/a><\/h2><\/header><div class=\"eael-entry-content\">\n                        <div class=\"eael-grid-post-excerpt\"><p>La coordinadora del proyecto\u00a0LIFE COSTAdapta,\u00a0\u00a0Patricia Caro, ultima con el\u00a0Cabildo de...<\/p><a href=\"https:\/\/costadapta.energiagrancanaria.com\/?p=1732\" class=\"eael-post-elements-readmore-btn\">Leer m\u00e1s<\/a><\/div>\n                    <\/div><\/div><\/div>\n        <\/div>\n    <\/article><article class=\"eael-grid-post  eael-post-grid-column eael-pg-post-1729 category-externas\" data-id=\"1729\">\n        <div class=\"eael-grid-post-holder\">\n            <div class=\"eael-grid-post-holder-inner\"><div class=\"eael-entry-media\"><div class=\"eael-entry-overlay fade-in\"><i class=\"fas fa-long-arrow-alt-right\" aria-hidden=\"true\"><\/i><a href=\"https:\/\/costadapta.energiagrancanaria.com\/?p=1729\"><\/a><\/div><div class=\"eael-entry-thumbnail \">\n                <img loading=\"lazy\" decoding=\"async\" width=\"300\" height=\"201\" src=\"https:\/\/costadapta.energiagrancanaria.com\/wp-content\/uploads\/2026\/01\/life-costadapta-strategic-journey-1-1024x685-1-300x201.jpg\" class=\"attachment-medium size-medium wp-image-1730\" alt=\"\" srcset=\"https:\/\/costadapta.energiagrancanaria.com\/wp-content\/uploads\/2026\/01\/life-costadapta-strategic-journey-1-1024x685-1-300x201.jpg 300w, https:\/\/costadapta.energiagrancanaria.com\/wp-content\/uploads\/2026\/01\/life-costadapta-strategic-journey-1-1024x685-1-768x514.jpg 768w, https:\/\/costadapta.energiagrancanaria.com\/wp-content\/uploads\/2026\/01\/life-costadapta-strategic-journey-1-1024x685-1.jpg 1024w\" sizes=\"(max-width: 300px) 100vw, 300px\" \/>\n            <\/div>\n        <\/div><div class=\"eael-entry-wrapper\"><header class=\"eael-entry-header\"><h2 class=\"eael-entry-title\"><a class=\"eael-grid-post-link\" href=\"https:\/\/costadapta.energiagrancanaria.com\/?p=1729\" title=\"Gran Canaria se convierte en referencia europea en adaptaci\u00f3n costera con la primera jornada estrat\u00e9gica de LIFE COSTAdapta\">Gran Canaria se convierte en referencia europea en adaptaci\u00f3n costera con la primera jornada estrat\u00e9gica de LIFE COSTAdapta<\/a><\/h2><\/header><div class=\"eael-entry-content\">\n                        <div class=\"eael-grid-post-excerpt\"><p>El Consejo Insular de la Energ\u00eda del Cabildo de Gran...<\/p><a href=\"https:\/\/costadapta.energiagrancanaria.com\/?p=1729\" class=\"eael-post-elements-readmore-btn\">Leer m\u00e1s<\/a><\/div>\n                    <\/div><\/div><\/div>\n        <\/div>\n    <\/article><article class=\"eael-grid-post  eael-post-grid-column eael-pg-post-1723 category-externas\" data-id=\"1723\">\n        <div class=\"eael-grid-post-holder\">\n            <div class=\"eael-grid-post-holder-inner\"><div class=\"eael-entry-media\"><div class=\"eael-entry-overlay fade-in\"><i class=\"fas fa-long-arrow-alt-right\" aria-hidden=\"true\"><\/i><a href=\"https:\/\/costadapta.energiagrancanaria.com\/?p=1723\"><\/a><\/div><div class=\"eael-entry-thumbnail \">\n                <img loading=\"lazy\" decoding=\"async\" width=\"300\" height=\"201\" src=\"https:\/\/costadapta.energiagrancanaria.com\/wp-content\/uploads\/2026\/01\/El-consejero-Raul-Garcia-Brink-en-la-jornada-estrategica-de-LIFE-COSTAdapta-1392x931-1-300x201.webp\" class=\"attachment-medium size-medium wp-image-1727\" alt=\"\" srcset=\"https:\/\/costadapta.energiagrancanaria.com\/wp-content\/uploads\/2026\/01\/El-consejero-Raul-Garcia-Brink-en-la-jornada-estrategica-de-LIFE-COSTAdapta-1392x931-1-300x201.webp 300w, https:\/\/costadapta.energiagrancanaria.com\/wp-content\/uploads\/2026\/01\/El-consejero-Raul-Garcia-Brink-en-la-jornada-estrategica-de-LIFE-COSTAdapta-1392x931-1-1024x685.webp 1024w, https:\/\/costadapta.energiagrancanaria.com\/wp-content\/uploads\/2026\/01\/El-consejero-Raul-Garcia-Brink-en-la-jornada-estrategica-de-LIFE-COSTAdapta-1392x931-1-768x514.webp 768w, https:\/\/costadapta.energiagrancanaria.com\/wp-content\/uploads\/2026\/01\/El-consejero-Raul-Garcia-Brink-en-la-jornada-estrategica-de-LIFE-COSTAdapta-1392x931-1-1200x803.webp 1200w, https:\/\/costadapta.energiagrancanaria.com\/wp-content\/uploads\/2026\/01\/El-consejero-Raul-Garcia-Brink-en-la-jornada-estrategica-de-LIFE-COSTAdapta-1392x931-1.webp 1392w\" sizes=\"(max-width: 300px) 100vw, 300px\" \/>\n            <\/div>\n        <\/div><div class=\"eael-entry-wrapper\"><header class=\"eael-entry-header\"><h2 class=\"eael-entry-title\"><a class=\"eael-grid-post-link\" href=\"https:\/\/costadapta.energiagrancanaria.com\/?p=1723\" title=\"Gran Canaria se convierte en referencia europea en adaptaci\u00f3n costera\">Gran Canaria se convierte en referencia europea en adaptaci\u00f3n costera<\/a><\/h2><\/header><div class=\"eael-entry-content\">\n                        <div class=\"eael-grid-post-excerpt\"><p>Gran Canaria acoge la Jornada de Adaptaci\u00f3n Costera al Cambio...<\/p><a href=\"https:\/\/costadapta.energiagrancanaria.com\/?p=1723\" class=\"eael-post-elements-readmore-btn\">Leer m\u00e1s<\/a><\/div>\n                    <\/div><\/div><\/div>\n        <\/div>\n    <\/article><\/div>\n            <div class=\"clearfix\"><\/div>\n        <\/div>            <div class=\"eael-load-more-button-wrap eael-force-hide\">\n                <button class=\"eael-load-more-button\" id=\"eael-load-more-btn-40f9390\" data-widget-id=\"40f9390\" data-widget=\"40f9390\" data-page-id=\"136\" data-template=\"{&quot;dir&quot;:&quot;lite&quot;,&quot;file_name&quot;:&quot;one.php&quot;,&quot;name&quot;:&quot;Post-Grid&quot;}\" data-class=\"Essential_Addons_Elementor\\Elements\\Post_Grid\" data-layout=\"masonry\" data-page=\"1\" data-args=\"orderby=date&amp;order=desc&amp;ignore_sticky_posts=1&amp;post_status=publish&amp;posts_per_page=4&amp;offset=0&amp;post_type=post&amp;tax_query%5B0%5D%5Btaxonomy%5D=category&amp;tax_query%5B0%5D%5Bfield%5D=term_id&amp;tax_query%5B0%5D%5Bterms%5D%5B0%5D=108&amp;tax_query%5Brelation%5D=AND\" data-max-page=\"2\">\n                    <span class=\"eael-btn-loader button__loader\"><\/span>\n                    <span class=\"eael_load_more_text\">Cargar m\u00e1s<\/span>\n                <\/button>\n            <\/div>\n            \t\t\t\t<\/div>\n\t\t\t\t<\/div>\n\t\t\t\t\t<\/div>\n\t\t\t\t<\/div>\n\t\t\t\t<\/div>\n\t\t","protected":false},"excerpt":{"rendered":"<p>Noticias Medios de comunicaci\u00f3n El Cabildo presenta su proyecto LIFE COSTAdapta en la cumbre del clima en Dubai El estudio, que se est\u00e1 llevando a cabo en la&#8230; Leer m\u00e1s Del dique al charco de Canarias: ingenier\u00eda mar\u00edtima para salvar las casas de San Felipe La coordinadora del proyecto\u00a0LIFE COSTAdapta,\u00a0\u00a0Patricia Caro, ultima con el\u00a0Cabildo de&#8230; [&hellip;]<\/p>\n","protected":false},"author":1,"featured_media":0,"parent":0,"menu_order":0,"comment_status":"closed","ping_status":"closed","template":"elementor_header_footer","meta":{"_monsterinsights_skip_tracking":false,"_monsterinsights_sitenote_active":false,"_monsterinsights_sitenote_note":"","_monsterinsights_sitenote_category":0,"footnotes":""},"class_list":["post-136","page","type-page","status-publish","hentry"],"_links":{"self":[{"href":"https:\/\/costadapta.energiagrancanaria.com\/index.php?rest_route=\/wp\/v2\/pages\/136","targetHints":{"allow":["GET"]}}],"collection":[{"href":"https:\/\/costadapta.energiagrancanaria.com\/index.php?rest_route=\/wp\/v2\/pages"}],"about":[{"href":"https:\/\/costadapta.energiagrancanaria.com\/index.php?rest_route=\/wp\/v2\/types\/page"}],"author":[{"embeddable":true,"href":"https:\/\/costadapta.energiagrancanaria.com\/index.php?rest_route=\/wp\/v2\/users\/1"}],"replies":[{"embeddable":true,"href":"https:\/\/costadapta.energiagrancanaria.com\/index.php?rest_route=%2Fwp%2Fv2%2Fcomments&post=136"}],"version-history":[{"count":18,"href":"https:\/\/costadapta.energiagrancanaria.com\/index.php?rest_route=\/wp\/v2\/pages\/136\/revisions"}],"predecessor-version":[{"id":1753,"href":"https:\/\/costadapta.energiagrancanaria.com\/index.php?rest_route=\/wp\/v2\/pages\/136\/revisions\/1753"}],"wp:attachment":[{"href":"https:\/\/costadapta.energiagrancanaria.com\/index.php?rest_route=%2Fwp%2Fv2%2Fmedia&parent=136"}],"curies":[{"name":"wp","href":"https:\/\/api.w.org\/{rel}","templated":true}]}}