{"id":255,"date":"2023-09-15T11:44:39","date_gmt":"2023-09-15T09:44:39","guid":{"rendered":"https:\/\/lifecostadapta.finnova.eu\/?page_id=255"},"modified":"2025-09-04T10:53:52","modified_gmt":"2025-09-04T10:53:52","slug":"socios","status":"publish","type":"page","link":"https:\/\/costadapta.energiagrancanaria.com\/?page_id=255","title":{"rendered":"Socios"},"content":{"rendered":"\t\t<div data-elementor-type=\"wp-page\" data-elementor-id=\"255\" class=\"elementor elementor-255\" data-elementor-settings=\"{&quot;ha_cmc_init_switcher&quot;:&quot;no&quot;}\" data-elementor-post-type=\"page\">\n\t\t\t\t\t\t<section class=\"elementor-section elementor-top-section elementor-element elementor-element-570d861 elementor-section-boxed elementor-section-height-default elementor-section-height-default\" data-id=\"570d861\" data-element_type=\"section\" data-e-type=\"section\" data-settings=\"{&quot;_ha_eqh_enable&quot;:false}\">\n\t\t\t\t\t\t<div class=\"elementor-container elementor-column-gap-default\">\n\t\t\t\t\t<div class=\"elementor-column elementor-col-100 elementor-top-column elementor-element elementor-element-a01ff83\" data-id=\"a01ff83\" data-element_type=\"column\" data-e-type=\"column\">\n\t\t\t<div class=\"elementor-widget-wrap elementor-element-populated\">\n\t\t\t\t\t\t<div class=\"elementor-element elementor-element-7a5ea4d elementor-headline--style-highlight elementor-widget elementor-widget-animated-headline\" data-id=\"7a5ea4d\" data-element_type=\"widget\" data-e-type=\"widget\" data-settings=\"{&quot;marker&quot;:&quot;curly&quot;,&quot;highlighted_text&quot;:&quot;proyecto&quot;,&quot;headline_style&quot;:&quot;highlight&quot;,&quot;loop&quot;:&quot;yes&quot;,&quot;highlight_animation_duration&quot;:1200,&quot;highlight_iteration_delay&quot;:8000}\" data-widget_type=\"animated-headline.default\">\n\t\t\t\t<div class=\"elementor-widget-container\">\n\t\t\t\t\t\t\t<h3 class=\"elementor-headline\">\n\t\t\t\t\t<span class=\"elementor-headline-plain-text elementor-headline-text-wrapper\">Coordinador del <\/span>\n\t\t\t\t<span class=\"elementor-headline-dynamic-wrapper elementor-headline-text-wrapper\">\n\t\t\t\t\t<span class=\"elementor-headline-dynamic-text elementor-headline-text-active\">proyecto<\/span>\n\t\t\t\t<\/span>\n\t\t\t\t<\/h3>\n\t\t\t\t\t\t<\/div>\n\t\t\t\t<\/div>\n\t\t\t\t\t<\/div>\n\t\t<\/div>\n\t\t\t\t\t<\/div>\n\t\t<\/section>\n\t\t\t\t<section class=\"elementor-section elementor-top-section elementor-element elementor-element-4828cb9 elementor-section-boxed elementor-section-height-default elementor-section-height-default\" data-id=\"4828cb9\" data-element_type=\"section\" data-e-type=\"section\" data-settings=\"{&quot;_ha_eqh_enable&quot;:false}\">\n\t\t\t\t\t\t<div class=\"elementor-container elementor-column-gap-default\">\n\t\t\t\t\t<div class=\"elementor-column elementor-col-50 elementor-top-column elementor-element elementor-element-93679dc\" data-id=\"93679dc\" data-element_type=\"column\" data-e-type=\"column\">\n\t\t\t<div class=\"elementor-widget-wrap elementor-element-populated\">\n\t\t\t\t\t\t<div class=\"elementor-element elementor-element-dd8e269 elementor-widget elementor-widget-image\" data-id=\"dd8e269\" data-element_type=\"widget\" data-e-type=\"widget\" data-widget_type=\"image.default\">\n\t\t\t\t<div class=\"elementor-widget-container\">\n\t\t\t\t\t\t\t\t\t\t\t\t\t\t\t<img fetchpriority=\"high\" decoding=\"async\" width=\"499\" height=\"257\" src=\"https:\/\/costadapta.energiagrancanaria.com\/wp-content\/uploads\/2025\/09\/Untitled-design-8-e1756983161405.png\" class=\"attachment-large size-large wp-image-1559\" alt=\"\" srcset=\"https:\/\/costadapta.energiagrancanaria.com\/wp-content\/uploads\/2025\/09\/Untitled-design-8-e1756983161405.png 499w, https:\/\/costadapta.energiagrancanaria.com\/wp-content\/uploads\/2025\/09\/Untitled-design-8-e1756983161405-300x155.png 300w\" sizes=\"(max-width: 499px) 100vw, 499px\" \/>\t\t\t\t\t\t\t\t\t\t\t\t\t\t\t<\/div>\n\t\t\t\t<\/div>\n\t\t\t\t\t<\/div>\n\t\t<\/div>\n\t\t\t\t<div class=\"elementor-column elementor-col-50 elementor-top-column elementor-element elementor-element-b1f23ab\" data-id=\"b1f23ab\" data-element_type=\"column\" data-e-type=\"column\">\n\t\t\t<div class=\"elementor-widget-wrap elementor-element-populated\">\n\t\t\t\t\t\t<div class=\"elementor-element elementor-element-abe0458 elementor-widget elementor-widget-heading\" data-id=\"abe0458\" data-element_type=\"widget\" data-e-type=\"widget\" data-widget_type=\"heading.default\">\n\t\t\t\t<div class=\"elementor-widget-container\">\n\t\t\t\t\t<h4 class=\"elementor-heading-title elementor-size-default\"><a href=\"https:\/\/www.energiagrancanaria.com\/\">Sobre el Consejo Insular de la Energ\u00eda de Gran Canaria (CIEGC)<\/a><\/h4>\t\t\t\t<\/div>\n\t\t\t\t<\/div>\n\t\t\t\t<div class=\"elementor-element elementor-element-fcfa92b elementor-widget elementor-widget-text-editor\" data-id=\"fcfa92b\" data-element_type=\"widget\" data-e-type=\"widget\" data-widget_type=\"text-editor.default\">\n\t\t\t\t<div class=\"elementor-widget-container\">\n\t\t\t\t\t\t\t\t\t<p>El\u00a0<strong>Consejo Insular de la Energ\u00eda de Gran Canaria (CIEGC)<\/strong>\u00a0es una entidad p\u00fablica empresarial del Cabildo de Gran Canaria que tiene como misi\u00f3n la implantaci\u00f3n de un modelo energ\u00e9tico alternativo basado en las energ\u00edas renovables y la eficiencia energ\u00e9tica.\u00a0El CIEGC gestiona <a href=\"https:\/\/www.energiagrancanaria.com\/subvenciones\/\">subvenciones<\/a>, promueve la movilidad el\u00e9ctrica, forma a profesionales y ciudadanos, y fomenta la investigaci\u00f3n y la innovaci\u00f3n en el sector energ\u00e9tico<\/p>\t\t\t\t\t\t\t\t<\/div>\n\t\t\t\t<\/div>\n\t\t\t\t\t<\/div>\n\t\t<\/div>\n\t\t\t\t\t<\/div>\n\t\t<\/section>\n\t\t\t\t<section class=\"elementor-section elementor-top-section elementor-element elementor-element-ca8fc05 elementor-section-boxed elementor-section-height-default elementor-section-height-default\" data-id=\"ca8fc05\" data-element_type=\"section\" data-e-type=\"section\" data-settings=\"{&quot;background_background&quot;:&quot;classic&quot;,&quot;_ha_eqh_enable&quot;:false}\">\n\t\t\t\t\t\t<div class=\"elementor-container elementor-column-gap-default\">\n\t\t\t\t\t<div class=\"elementor-column elementor-col-100 elementor-top-column elementor-element elementor-element-829dd9c\" data-id=\"829dd9c\" data-element_type=\"column\" data-e-type=\"column\" data-settings=\"{&quot;background_background&quot;:&quot;classic&quot;}\">\n\t\t\t<div class=\"elementor-widget-wrap elementor-element-populated\">\n\t\t\t\t\t\t<div class=\"elementor-element elementor-element-c3100b3 elementor-headline--style-highlight elementor-widget elementor-widget-animated-headline\" data-id=\"c3100b3\" data-element_type=\"widget\" data-e-type=\"widget\" data-settings=\"{&quot;marker&quot;:&quot;curly&quot;,&quot;highlighted_text&quot;:&quot;SOCIOS&quot;,&quot;headline_style&quot;:&quot;highlight&quot;,&quot;loop&quot;:&quot;yes&quot;,&quot;highlight_animation_duration&quot;:1200,&quot;highlight_iteration_delay&quot;:8000}\" data-widget_type=\"animated-headline.default\">\n\t\t\t\t<div class=\"elementor-widget-container\">\n\t\t\t\t\t\t\t<h3 class=\"elementor-headline\">\n\t\t\t\t<span class=\"elementor-headline-dynamic-wrapper elementor-headline-text-wrapper\">\n\t\t\t\t\t<span class=\"elementor-headline-dynamic-text elementor-headline-text-active\">SOCIOS<\/span>\n\t\t\t\t<\/span>\n\t\t\t\t<\/h3>\n\t\t\t\t\t\t<\/div>\n\t\t\t\t<\/div>\n\t\t\t\t<div class=\"elementor-element elementor-element-923f92a elementor-widget elementor-widget-spacer\" data-id=\"923f92a\" data-element_type=\"widget\" data-e-type=\"widget\" data-widget_type=\"spacer.default\">\n\t\t\t\t<div class=\"elementor-widget-container\">\n\t\t\t\t\t\t\t<div class=\"elementor-spacer\">\n\t\t\t<div class=\"elementor-spacer-inner\"><\/div>\n\t\t<\/div>\n\t\t\t\t\t\t<\/div>\n\t\t\t\t<\/div>\n\t\t\t\t\t<\/div>\n\t\t<\/div>\n\t\t\t\t\t<\/div>\n\t\t<\/section>\n\t\t\t\t<section class=\"elementor-section elementor-top-section elementor-element elementor-element-a9c0050 elementor-section-boxed elementor-section-height-default elementor-section-height-default\" data-id=\"a9c0050\" data-element_type=\"section\" data-e-type=\"section\" data-settings=\"{&quot;_ha_eqh_enable&quot;:false}\">\n\t\t\t\t\t\t\t<div class=\"elementor-background-overlay\"><\/div>\n\t\t\t\t\t\t\t<div class=\"elementor-container elementor-column-gap-default\">\n\t\t\t\t\t<div class=\"elementor-column elementor-col-50 elementor-top-column elementor-element elementor-element-697aac6\" data-id=\"697aac6\" data-element_type=\"column\" data-e-type=\"column\">\n\t\t\t<div class=\"elementor-widget-wrap elementor-element-populated\">\n\t\t\t\t\t\t<div class=\"elementor-element elementor-element-67d2e8c elementor-widget elementor-widget-heading\" data-id=\"67d2e8c\" data-element_type=\"widget\" data-e-type=\"widget\" data-widget_type=\"heading.default\">\n\t\t\t\t<div class=\"elementor-widget-container\">\n\t\t\t\t\t<h4 class=\"elementor-heading-title elementor-size-default\"><a href=\"https:\/\/www.ulpgc.es\/\">Sobre la Universidad de Las Palmas de Gran Canaria (ULPGC)<\/a><\/h4>\t\t\t\t<\/div>\n\t\t\t\t<\/div>\n\t\t\t\t<div class=\"elementor-element elementor-element-6fe510c elementor-widget elementor-widget-text-editor\" data-id=\"6fe510c\" data-element_type=\"widget\" data-e-type=\"widget\" data-widget_type=\"text-editor.default\">\n\t\t\t\t<div class=\"elementor-widget-container\">\n\t\t\t\t\t\t\t\t\t<p>La Universidad de Las Palmas de Gran Canaria (ULPGC) es una instituci\u00f3n de educaci\u00f3n superior ubicada en la isla de Gran Canaria, Espa\u00f1a. Fundada en 1989, la ULPGC se ha consolidado como un centro de excelencia acad\u00e9mica especialmente en disciplinas como ciencias naturales y tecnolog\u00eda. La universidad se esfuerza por fomentar la investigaci\u00f3n, la innovaci\u00f3n y la colaboraci\u00f3n internacional para contribuir al desarrollo de la sociedad y la regi\u00f3n.<\/p>\t\t\t\t\t\t\t\t<\/div>\n\t\t\t\t<\/div>\n\t\t\t\t\t<\/div>\n\t\t<\/div>\n\t\t\t\t<div class=\"elementor-column elementor-col-50 elementor-top-column elementor-element elementor-element-307d32d\" data-id=\"307d32d\" data-element_type=\"column\" data-e-type=\"column\" data-settings=\"{&quot;background_background&quot;:&quot;classic&quot;}\">\n\t\t\t<div class=\"elementor-widget-wrap elementor-element-populated\">\n\t\t\t\t\t\t<div class=\"elementor-element elementor-element-6ff36fe elementor-widget elementor-widget-image\" data-id=\"6ff36fe\" data-element_type=\"widget\" data-e-type=\"widget\" data-widget_type=\"image.default\">\n\t\t\t\t<div class=\"elementor-widget-container\">\n\t\t\t\t\t\t\t\t\t\t\t\t\t\t\t<img decoding=\"async\" width=\"300\" height=\"298\" src=\"https:\/\/costadapta.energiagrancanaria.com\/wp-content\/uploads\/2024\/06\/UNIVERSIDAD-LAS-PALMAS_version_vertical_positiva_uso_cotidiano_2_tintas-300x298.png\" class=\"attachment-medium size-medium wp-image-811\" alt=\"\" srcset=\"https:\/\/costadapta.energiagrancanaria.com\/wp-content\/uploads\/2024\/06\/UNIVERSIDAD-LAS-PALMAS_version_vertical_positiva_uso_cotidiano_2_tintas-300x298.png 300w, https:\/\/costadapta.energiagrancanaria.com\/wp-content\/uploads\/2024\/06\/UNIVERSIDAD-LAS-PALMAS_version_vertical_positiva_uso_cotidiano_2_tintas-1024x1017.png 1024w, https:\/\/costadapta.energiagrancanaria.com\/wp-content\/uploads\/2024\/06\/UNIVERSIDAD-LAS-PALMAS_version_vertical_positiva_uso_cotidiano_2_tintas-150x150.png 150w, https:\/\/costadapta.energiagrancanaria.com\/wp-content\/uploads\/2024\/06\/UNIVERSIDAD-LAS-PALMAS_version_vertical_positiva_uso_cotidiano_2_tintas-768x763.png 768w, https:\/\/costadapta.energiagrancanaria.com\/wp-content\/uploads\/2024\/06\/UNIVERSIDAD-LAS-PALMAS_version_vertical_positiva_uso_cotidiano_2_tintas.png 1200w\" sizes=\"(max-width: 300px) 100vw, 300px\" \/>\t\t\t\t\t\t\t\t\t\t\t\t\t\t\t<\/div>\n\t\t\t\t<\/div>\n\t\t\t\t\t<\/div>\n\t\t<\/div>\n\t\t\t\t\t<\/div>\n\t\t<\/section>\n\t\t<div class=\"elementor-element elementor-element-09e87a2 e-con-full e-flex e-con e-parent\" data-id=\"09e87a2\" data-element_type=\"container\" data-e-type=\"container\" data-settings=\"{&quot;_ha_eqh_enable&quot;:false}\">\n\t\t\t\t<div class=\"elementor-element elementor-element-3aea657 elementor-widget-divider--view-line elementor-widget elementor-widget-divider\" data-id=\"3aea657\" data-element_type=\"widget\" data-e-type=\"widget\" data-widget_type=\"divider.default\">\n\t\t\t\t<div class=\"elementor-widget-container\">\n\t\t\t\t\t\t\t<div class=\"elementor-divider\">\n\t\t\t<span class=\"elementor-divider-separator\">\n\t\t\t\t\t\t<\/span>\n\t\t<\/div>\n\t\t\t\t\t\t<\/div>\n\t\t\t\t<\/div>\n\t\t\t\t<\/div>\n\t\t\t\t<section class=\"elementor-section elementor-top-section elementor-element elementor-element-01f9db9 elementor-section-boxed elementor-section-height-default elementor-section-height-default\" data-id=\"01f9db9\" data-element_type=\"section\" data-e-type=\"section\" data-settings=\"{&quot;_ha_eqh_enable&quot;:false}\">\n\t\t\t\t\t\t\t<div class=\"elementor-background-overlay\"><\/div>\n\t\t\t\t\t\t\t<div class=\"elementor-container elementor-column-gap-default\">\n\t\t\t\t\t<div class=\"elementor-column elementor-col-50 elementor-top-column elementor-element elementor-element-edee561\" data-id=\"edee561\" data-element_type=\"column\" data-e-type=\"column\" data-settings=\"{&quot;background_background&quot;:&quot;classic&quot;}\">\n\t\t\t<div class=\"elementor-widget-wrap elementor-element-populated\">\n\t\t\t\t\t\t<div class=\"elementor-element elementor-element-223e419 elementor-widget__width-inherit elementor-widget elementor-widget-image\" data-id=\"223e419\" data-element_type=\"widget\" data-e-type=\"widget\" data-widget_type=\"image.default\">\n\t\t\t\t<div class=\"elementor-widget-container\">\n\t\t\t\t\t\t\t\t\t\t\t\t\t\t\t<img decoding=\"async\" width=\"1514\" height=\"393\" src=\"https:\/\/costadapta.energiagrancanaria.com\/wp-content\/uploads\/2024\/02\/UC_LogotipoPrincipal-1.png\" class=\"attachment-full size-full wp-image-687\" alt=\"\" srcset=\"https:\/\/costadapta.energiagrancanaria.com\/wp-content\/uploads\/2024\/02\/UC_LogotipoPrincipal-1.png 1514w, https:\/\/costadapta.energiagrancanaria.com\/wp-content\/uploads\/2024\/02\/UC_LogotipoPrincipal-1-300x78.png 300w, https:\/\/costadapta.energiagrancanaria.com\/wp-content\/uploads\/2024\/02\/UC_LogotipoPrincipal-1-1024x266.png 1024w, https:\/\/costadapta.energiagrancanaria.com\/wp-content\/uploads\/2024\/02\/UC_LogotipoPrincipal-1-768x199.png 768w, https:\/\/costadapta.energiagrancanaria.com\/wp-content\/uploads\/2024\/02\/UC_LogotipoPrincipal-1-1200x311.png 1200w\" sizes=\"(max-width: 1514px) 100vw, 1514px\" \/>\t\t\t\t\t\t\t\t\t\t\t\t\t\t\t<\/div>\n\t\t\t\t<\/div>\n\t\t\t\t\t<\/div>\n\t\t<\/div>\n\t\t\t\t<div class=\"elementor-column elementor-col-50 elementor-top-column elementor-element elementor-element-ecfba04\" data-id=\"ecfba04\" data-element_type=\"column\" data-e-type=\"column\">\n\t\t\t<div class=\"elementor-widget-wrap elementor-element-populated\">\n\t\t\t\t\t\t<div class=\"elementor-element elementor-element-f320787 elementor-widget elementor-widget-heading\" data-id=\"f320787\" data-element_type=\"widget\" data-e-type=\"widget\" data-widget_type=\"heading.default\">\n\t\t\t\t<div class=\"elementor-widget-container\">\n\t\t\t\t\t<h4 class=\"elementor-heading-title elementor-size-default\"><a href=\"https:\/\/web.unican.es\/\">Sobre la Universidad de Cantabria (UC)<\/a><\/h4>\t\t\t\t<\/div>\n\t\t\t\t<\/div>\n\t\t\t\t<div class=\"elementor-element elementor-element-901c0d1 elementor-widget elementor-widget-text-editor\" data-id=\"901c0d1\" data-element_type=\"widget\" data-e-type=\"widget\" data-widget_type=\"text-editor.default\">\n\t\t\t\t<div class=\"elementor-widget-container\">\n\t\t\t\t\t\t\t\t\t<p>La Universidad de Cantabria (UC) es una instituci\u00f3n acad\u00e9mica de educaci\u00f3n superior ubicada en Cantabria, Espa\u00f1a. Fundada en 1972, la UC destaca por su compromiso con la calidad educativa y la investigaci\u00f3n de vanguardia. La investigaci\u00f3n juega un papel fundamental en la UC, con enfoques en diversas disciplinas. La experiencia del grupo de investigaci\u00f3n CINCc (<em>Ciudad, Infraestructuras y Cambio Clim\u00e1tico<\/em>) se focaliza en el an\u00e1lisis de la vulnerabilidad y las soluciones de adaptaci\u00f3n a los futuros escenarios clim\u00e1ticos. Basado en esta experiencia, aportar\u00e1 un an\u00e1lisis y diagn\u00f3stico multidisciplinar y participativo al proyecto.<\/p>\t\t\t\t\t\t\t\t<\/div>\n\t\t\t\t<\/div>\n\t\t\t\t\t<\/div>\n\t\t<\/div>\n\t\t\t\t\t<\/div>\n\t\t<\/section>\n\t\t<div class=\"elementor-element elementor-element-42e1563 e-con-full e-flex e-con e-parent\" data-id=\"42e1563\" data-element_type=\"container\" data-e-type=\"container\" data-settings=\"{&quot;_ha_eqh_enable&quot;:false}\">\n\t\t\t\t<div class=\"elementor-element elementor-element-3923d63 elementor-widget-divider--view-line elementor-widget elementor-widget-divider\" data-id=\"3923d63\" data-element_type=\"widget\" data-e-type=\"widget\" data-widget_type=\"divider.default\">\n\t\t\t\t<div class=\"elementor-widget-container\">\n\t\t\t\t\t\t\t<div class=\"elementor-divider\">\n\t\t\t<span class=\"elementor-divider-separator\">\n\t\t\t\t\t\t<\/span>\n\t\t<\/div>\n\t\t\t\t\t\t<\/div>\n\t\t\t\t<\/div>\n\t\t\t\t<\/div>\n\t\t\t\t<section class=\"elementor-section elementor-top-section elementor-element elementor-element-afac595 elementor-section-boxed elementor-section-height-default elementor-section-height-default\" data-id=\"afac595\" data-element_type=\"section\" data-e-type=\"section\" data-settings=\"{&quot;_ha_eqh_enable&quot;:false}\">\n\t\t\t\t\t\t\t<div class=\"elementor-background-overlay\"><\/div>\n\t\t\t\t\t\t\t<div class=\"elementor-container elementor-column-gap-default\">\n\t\t\t\t\t<div class=\"elementor-column elementor-col-50 elementor-top-column elementor-element elementor-element-3deb9eb\" data-id=\"3deb9eb\" data-element_type=\"column\" data-e-type=\"column\">\n\t\t\t<div class=\"elementor-widget-wrap elementor-element-populated\">\n\t\t\t\t\t\t<div class=\"elementor-element elementor-element-b1f1804 elementor-widget elementor-widget-heading\" data-id=\"b1f1804\" data-element_type=\"widget\" data-e-type=\"widget\" data-widget_type=\"heading.default\">\n\t\t\t\t<div class=\"elementor-widget-container\">\n\t\t\t\t\t<h4 class=\"elementor-heading-title elementor-size-default\"><a href=\"http:\/\/www.ingecid.es\">Sobre INGECID, Investigaci\u00f3n y Desarrollo de Proyectos<\/a><\/h4>\t\t\t\t<\/div>\n\t\t\t\t<\/div>\n\t\t\t\t<div class=\"elementor-element elementor-element-7f9653e elementor-widget elementor-widget-text-editor\" data-id=\"7f9653e\" data-element_type=\"widget\" data-e-type=\"widget\" data-widget_type=\"text-editor.default\">\n\t\t\t\t<div class=\"elementor-widget-container\">\n\t\t\t\t\t\t\t\t\t<p>INGECID es una empresa dedicada a la investigaci\u00f3n y desarrollo de proyectos. Su enfoque abarca \u00e1reas como la ingenier\u00eda, la arquitectura y la sostenibilidad. A trav\u00e9s de su experiencia en proyectos innovadores, INGECID busca generar soluciones creativas y eficientes para desaf\u00edos t\u00e9cnicos y ambientales. Su compromiso con la investigaci\u00f3n y el desarrollo contribuye a la mejora de procesos y tecnolog\u00edas en el proyecto.<\/p>\t\t\t\t\t\t\t\t<\/div>\n\t\t\t\t<\/div>\n\t\t\t\t\t<\/div>\n\t\t<\/div>\n\t\t\t\t<div class=\"elementor-column elementor-col-50 elementor-top-column elementor-element elementor-element-e59f585\" data-id=\"e59f585\" data-element_type=\"column\" data-e-type=\"column\" data-settings=\"{&quot;background_background&quot;:&quot;classic&quot;}\">\n\t\t\t<div class=\"elementor-widget-wrap elementor-element-populated\">\n\t\t\t\t\t\t<div class=\"elementor-element elementor-element-0b0c292 elementor-widget elementor-widget-image\" data-id=\"0b0c292\" data-element_type=\"widget\" data-e-type=\"widget\" data-widget_type=\"image.default\">\n\t\t\t\t<div class=\"elementor-widget-container\">\n\t\t\t\t\t\t\t\t\t\t\t\t\t\t\t<img loading=\"lazy\" decoding=\"async\" width=\"580\" height=\"127\" src=\"https:\/\/costadapta.energiagrancanaria.com\/wp-content\/uploads\/2025\/09\/INGECID_Logotipo_PNG_Azul_Amarilo-1024x224.png\" class=\"attachment-large size-large wp-image-1552\" alt=\"\" srcset=\"https:\/\/costadapta.energiagrancanaria.com\/wp-content\/uploads\/2025\/09\/INGECID_Logotipo_PNG_Azul_Amarilo-1024x224.png 1024w, https:\/\/costadapta.energiagrancanaria.com\/wp-content\/uploads\/2025\/09\/INGECID_Logotipo_PNG_Azul_Amarilo-300x66.png 300w, https:\/\/costadapta.energiagrancanaria.com\/wp-content\/uploads\/2025\/09\/INGECID_Logotipo_PNG_Azul_Amarilo-768x168.png 768w, https:\/\/costadapta.energiagrancanaria.com\/wp-content\/uploads\/2025\/09\/INGECID_Logotipo_PNG_Azul_Amarilo-1536x336.png 1536w, https:\/\/costadapta.energiagrancanaria.com\/wp-content\/uploads\/2025\/09\/INGECID_Logotipo_PNG_Azul_Amarilo-1200x262.png 1200w, https:\/\/costadapta.energiagrancanaria.com\/wp-content\/uploads\/2025\/09\/INGECID_Logotipo_PNG_Azul_Amarilo.png 1921w\" sizes=\"(max-width: 580px) 100vw, 580px\" \/>\t\t\t\t\t\t\t\t\t\t\t\t\t\t\t<\/div>\n\t\t\t\t<\/div>\n\t\t\t\t\t<\/div>\n\t\t<\/div>\n\t\t\t\t\t<\/div>\n\t\t<\/section>\n\t\t<div class=\"elementor-element elementor-element-2c5c8f5 e-con-full e-flex e-con e-parent\" data-id=\"2c5c8f5\" data-element_type=\"container\" data-e-type=\"container\" data-settings=\"{&quot;_ha_eqh_enable&quot;:false}\">\n\t\t\t\t<div class=\"elementor-element elementor-element-cf89e87 elementor-widget-divider--view-line elementor-widget elementor-widget-divider\" data-id=\"cf89e87\" data-element_type=\"widget\" data-e-type=\"widget\" data-widget_type=\"divider.default\">\n\t\t\t\t<div class=\"elementor-widget-container\">\n\t\t\t\t\t\t\t<div class=\"elementor-divider\">\n\t\t\t<span class=\"elementor-divider-separator\">\n\t\t\t\t\t\t<\/span>\n\t\t<\/div>\n\t\t\t\t\t\t<\/div>\n\t\t\t\t<\/div>\n\t\t\t\t<\/div>\n\t\t\t\t<section class=\"elementor-section elementor-top-section elementor-element elementor-element-e16c9b9 elementor-section-boxed elementor-section-height-default elementor-section-height-default\" data-id=\"e16c9b9\" data-element_type=\"section\" data-e-type=\"section\" data-settings=\"{&quot;_ha_eqh_enable&quot;:false}\">\n\t\t\t\t\t\t\t<div class=\"elementor-background-overlay\"><\/div>\n\t\t\t\t\t\t\t<div class=\"elementor-container elementor-column-gap-default\">\n\t\t\t\t\t<div class=\"elementor-column elementor-col-50 elementor-top-column elementor-element elementor-element-713c8f3\" data-id=\"713c8f3\" data-element_type=\"column\" data-e-type=\"column\" data-settings=\"{&quot;background_background&quot;:&quot;classic&quot;}\">\n\t\t\t<div class=\"elementor-widget-wrap elementor-element-populated\">\n\t\t\t\t\t\t<div class=\"elementor-element elementor-element-96d8c20 elementor-widget elementor-widget-image\" data-id=\"96d8c20\" data-element_type=\"widget\" data-e-type=\"widget\" data-widget_type=\"image.default\">\n\t\t\t\t<div class=\"elementor-widget-container\">\n\t\t\t\t\t\t\t\t\t\t\t\t\t\t\t<img loading=\"lazy\" decoding=\"async\" width=\"436\" height=\"296\" src=\"https:\/\/costadapta.energiagrancanaria.com\/wp-content\/uploads\/2024\/06\/RALEY.jpg\" class=\"attachment-large size-large wp-image-806\" alt=\"\" srcset=\"https:\/\/costadapta.energiagrancanaria.com\/wp-content\/uploads\/2024\/06\/RALEY.jpg 436w, https:\/\/costadapta.energiagrancanaria.com\/wp-content\/uploads\/2024\/06\/RALEY-300x204.jpg 300w\" sizes=\"(max-width: 436px) 100vw, 436px\" \/>\t\t\t\t\t\t\t\t\t\t\t\t\t\t\t<\/div>\n\t\t\t\t<\/div>\n\t\t\t\t\t<\/div>\n\t\t<\/div>\n\t\t\t\t<div class=\"elementor-column elementor-col-50 elementor-top-column elementor-element elementor-element-34cc73a\" data-id=\"34cc73a\" data-element_type=\"column\" data-e-type=\"column\">\n\t\t\t<div class=\"elementor-widget-wrap elementor-element-populated\">\n\t\t\t\t\t\t<div class=\"elementor-element elementor-element-a6c7960 elementor-widget elementor-widget-heading\" data-id=\"a6c7960\" data-element_type=\"widget\" data-e-type=\"widget\" data-widget_type=\"heading.default\">\n\t\t\t\t<div class=\"elementor-widget-container\">\n\t\t\t\t\t<h4 class=\"elementor-heading-title elementor-size-default\"><a href=\"http:\/\/www.raleyestudioscosteros.com\">Sobre Raley Estudios Costeros S.C.P. <\/a><\/h4>\t\t\t\t<\/div>\n\t\t\t\t<\/div>\n\t\t\t\t<div class=\"elementor-element elementor-element-3459054 elementor-widget elementor-widget-text-editor\" data-id=\"3459054\" data-element_type=\"widget\" data-e-type=\"widget\" data-widget_type=\"text-editor.default\">\n\t\t\t\t<div class=\"elementor-widget-container\">\n\t\t\t\t\t\t\t\t\t<p>Raley Estudios Costeros S.C.P. es una empresa especializada en proporcionar estudios y an\u00e1lisis relacionados con las \u00e1reas costeras. A trav\u00e9s de investigaciones detalladas, busca comprender e identificar las din\u00e1micas costeras, los impactos ambientales y las posibles soluciones para la gesti\u00f3n sostenible de las zonas litorales. Su experiencia contribuye a la toma de decisiones informadas para proyectos costeros y de desarrollo.<\/p>\t\t\t\t\t\t\t\t<\/div>\n\t\t\t\t<\/div>\n\t\t\t\t\t<\/div>\n\t\t<\/div>\n\t\t\t\t\t<\/div>\n\t\t<\/section>\n\t\t<div class=\"elementor-element elementor-element-95b7f7f e-con-full e-flex e-con e-parent\" data-id=\"95b7f7f\" data-element_type=\"container\" data-e-type=\"container\" data-settings=\"{&quot;_ha_eqh_enable&quot;:false}\">\n\t\t\t\t<div class=\"elementor-element elementor-element-f94a1c6 elementor-widget-divider--view-line elementor-widget elementor-widget-divider\" data-id=\"f94a1c6\" data-element_type=\"widget\" data-e-type=\"widget\" data-widget_type=\"divider.default\">\n\t\t\t\t<div class=\"elementor-widget-container\">\n\t\t\t\t\t\t\t<div class=\"elementor-divider\">\n\t\t\t<span class=\"elementor-divider-separator\">\n\t\t\t\t\t\t<\/span>\n\t\t<\/div>\n\t\t\t\t\t\t<\/div>\n\t\t\t\t<\/div>\n\t\t\t\t<\/div>\n\t\t\t\t<section class=\"elementor-section elementor-top-section elementor-element elementor-element-ab491e6 elementor-section-boxed elementor-section-height-default elementor-section-height-default\" data-id=\"ab491e6\" data-element_type=\"section\" data-e-type=\"section\" data-settings=\"{&quot;_ha_eqh_enable&quot;:false}\">\n\t\t\t\t\t\t\t<div class=\"elementor-background-overlay\"><\/div>\n\t\t\t\t\t\t\t<div class=\"elementor-container elementor-column-gap-default\">\n\t\t\t\t\t<div class=\"elementor-column elementor-col-50 elementor-top-column elementor-element elementor-element-064a655\" data-id=\"064a655\" data-element_type=\"column\" data-e-type=\"column\">\n\t\t\t<div class=\"elementor-widget-wrap elementor-element-populated\">\n\t\t\t\t\t\t<div class=\"elementor-element elementor-element-d071d6f elementor-widget elementor-widget-heading\" data-id=\"d071d6f\" data-element_type=\"widget\" data-e-type=\"widget\" data-widget_type=\"heading.default\">\n\t\t\t\t<div class=\"elementor-widget-container\">\n\t\t\t\t\t<h4 class=\"elementor-heading-title elementor-size-default\"><a href=\"http:\/\/www.econcretetech.com\">Sobre ECOncrete AQUA <\/a><\/h4>\t\t\t\t<\/div>\n\t\t\t\t<\/div>\n\t\t\t\t<div class=\"elementor-element elementor-element-8ec2f2b elementor-widget elementor-widget-text-editor\" data-id=\"8ec2f2b\" data-element_type=\"widget\" data-e-type=\"widget\" data-widget_type=\"text-editor.default\">\n\t\t\t\t<div class=\"elementor-widget-container\">\n\t\t\t\t\t\t\t\t\t<p>ECOncrete AQUA es una iniciativa centrada en la innovaci\u00f3n en infraestructuras marinas y costeras sostenibles. A trav\u00e9s de la aplicaci\u00f3n de tecnolog\u00edas y materiales avanzados, ECOncrete AQUA busca mitigar los impactos negativos de las construcciones humanas en los ecosistemas acu\u00e1ticos y marinos. La iniciativa se basa en principios de dise\u00f1o ecol\u00f3gico y colabora con expertos en biolog\u00eda marina y otras disciplinas para lograr soluciones que promuevan la biodiversidad y la resiliencia costera. En LIFE COSTAdapta, se encarga del dise\u00f1o<strong>, <\/strong>implementaci\u00f3n y monitorizaci\u00f3n del proyecto.<\/p>\t\t\t\t\t\t\t\t<\/div>\n\t\t\t\t<\/div>\n\t\t\t\t\t<\/div>\n\t\t<\/div>\n\t\t\t\t<div class=\"elementor-column elementor-col-50 elementor-top-column elementor-element elementor-element-75a0085\" data-id=\"75a0085\" data-element_type=\"column\" data-e-type=\"column\" data-settings=\"{&quot;background_background&quot;:&quot;classic&quot;}\">\n\t\t\t<div class=\"elementor-widget-wrap elementor-element-populated\">\n\t\t\t\t\t\t<div class=\"elementor-element elementor-element-0fcbfde elementor-widget elementor-widget-image\" data-id=\"0fcbfde\" data-element_type=\"widget\" data-e-type=\"widget\" data-widget_type=\"image.default\">\n\t\t\t\t<div class=\"elementor-widget-container\">\n\t\t\t\t\t\t\t\t\t\t\t\t\t\t\t<img loading=\"lazy\" decoding=\"async\" width=\"580\" height=\"140\" src=\"https:\/\/costadapta.energiagrancanaria.com\/wp-content\/uploads\/2024\/06\/Horizontal-positive-RGB-1.png\" class=\"attachment-large size-large wp-image-812\" alt=\"\" srcset=\"https:\/\/costadapta.energiagrancanaria.com\/wp-content\/uploads\/2024\/06\/Horizontal-positive-RGB-1.png 760w, https:\/\/costadapta.energiagrancanaria.com\/wp-content\/uploads\/2024\/06\/Horizontal-positive-RGB-1-300x72.png 300w\" sizes=\"(max-width: 580px) 100vw, 580px\" \/>\t\t\t\t\t\t\t\t\t\t\t\t\t\t\t<\/div>\n\t\t\t\t<\/div>\n\t\t\t\t\t<\/div>\n\t\t<\/div>\n\t\t\t\t\t<\/div>\n\t\t<\/section>\n\t\t<div class=\"elementor-element elementor-element-5356e0b e-con-full e-flex e-con e-parent\" data-id=\"5356e0b\" data-element_type=\"container\" data-e-type=\"container\" data-settings=\"{&quot;_ha_eqh_enable&quot;:false}\">\n\t\t\t\t<div class=\"elementor-element elementor-element-ee88eca elementor-widget-divider--view-line elementor-widget elementor-widget-divider\" data-id=\"ee88eca\" data-element_type=\"widget\" data-e-type=\"widget\" data-widget_type=\"divider.default\">\n\t\t\t\t<div class=\"elementor-widget-container\">\n\t\t\t\t\t\t\t<div class=\"elementor-divider\">\n\t\t\t<span class=\"elementor-divider-separator\">\n\t\t\t\t\t\t<\/span>\n\t\t<\/div>\n\t\t\t\t\t\t<\/div>\n\t\t\t\t<\/div>\n\t\t\t\t<\/div>\n\t\t\t\t<section class=\"elementor-section elementor-top-section elementor-element elementor-element-eae9204 elementor-section-boxed elementor-section-height-default elementor-section-height-default\" data-id=\"eae9204\" data-element_type=\"section\" data-e-type=\"section\" data-settings=\"{&quot;_ha_eqh_enable&quot;:false}\">\n\t\t\t\t\t\t\t<div class=\"elementor-background-overlay\"><\/div>\n\t\t\t\t\t\t\t<div class=\"elementor-container elementor-column-gap-default\">\n\t\t\t\t\t<div class=\"elementor-column elementor-col-50 elementor-top-column elementor-element elementor-element-cd13378\" data-id=\"cd13378\" data-element_type=\"column\" data-e-type=\"column\" data-settings=\"{&quot;background_background&quot;:&quot;classic&quot;}\">\n\t\t\t<div class=\"elementor-widget-wrap elementor-element-populated\">\n\t\t\t\t\t\t<div class=\"elementor-element elementor-element-65e1c08 elementor-widget elementor-widget-image\" data-id=\"65e1c08\" data-element_type=\"widget\" data-e-type=\"widget\" data-widget_type=\"image.default\">\n\t\t\t\t<div class=\"elementor-widget-container\">\n\t\t\t\t\t\t\t\t\t\t\t\t\t\t\t<img loading=\"lazy\" decoding=\"async\" width=\"300\" height=\"133\" src=\"https:\/\/costadapta.energiagrancanaria.com\/wp-content\/uploads\/2025\/09\/Untitled-design-4-1-e1756983219626-300x133.png\" class=\"attachment-medium size-medium wp-image-1554\" alt=\"\" srcset=\"https:\/\/costadapta.energiagrancanaria.com\/wp-content\/uploads\/2025\/09\/Untitled-design-4-1-e1756983219626-300x133.png 300w, https:\/\/costadapta.energiagrancanaria.com\/wp-content\/uploads\/2025\/09\/Untitled-design-4-1-e1756983219626.png 472w\" sizes=\"(max-width: 300px) 100vw, 300px\" \/>\t\t\t\t\t\t\t\t\t\t\t\t\t\t\t<\/div>\n\t\t\t\t<\/div>\n\t\t\t\t\t<\/div>\n\t\t<\/div>\n\t\t\t\t<div class=\"elementor-column elementor-col-50 elementor-top-column elementor-element elementor-element-66bed79\" data-id=\"66bed79\" data-element_type=\"column\" data-e-type=\"column\">\n\t\t\t<div class=\"elementor-widget-wrap elementor-element-populated\">\n\t\t\t\t\t\t<div class=\"elementor-element elementor-element-c12cd78 elementor-widget elementor-widget-heading\" data-id=\"c12cd78\" data-element_type=\"widget\" data-e-type=\"widget\" data-widget_type=\"heading.default\">\n\t\t\t\t<div class=\"elementor-widget-container\">\n\t\t\t\t\t<h4 class=\"elementor-heading-title elementor-size-default\"><a href=\"https:\/\/fundacioncanariasrecicla.org\/\">Sobre la Fundaci\u00f3n Canaria para el Reciclaje y Desarrollo Sostenible (FCR) <\/a><\/h4>\t\t\t\t<\/div>\n\t\t\t\t<\/div>\n\t\t\t\t<div class=\"elementor-element elementor-element-e3c7048 elementor-widget elementor-widget-text-editor\" data-id=\"e3c7048\" data-element_type=\"widget\" data-e-type=\"widget\" data-widget_type=\"text-editor.default\">\n\t\t\t\t<div class=\"elementor-widget-container\">\n\t\t\t\t\t\t\t\t\t<p>La Fundaci\u00f3n Canaria para el Reciclaje y Desarrollo Sostenible (FCR) es una organizaci\u00f3n comprometida con la promoci\u00f3n del reciclaje y la adopci\u00f3n de pr\u00e1cticas sostenibles en las Islas Canarias. A trav\u00e9s de la educaci\u00f3n, la sensibilizaci\u00f3n y la colaboraci\u00f3n con diferentes sectores, la FCR busca impulsar la reducci\u00f3n de residuos y la conservaci\u00f3n del entorno natural. Su labor contribuye a la protecci\u00f3n del medio ambiente y al fomento de una mentalidad m\u00e1s responsable en la comunidad canaria. En el proyecto, aporta la visi\u00f3n socioecon\u00f3mica para la implementaci\u00f3n de LIFE COSTAdapta.<\/p>\t\t\t\t\t\t\t\t<\/div>\n\t\t\t\t<\/div>\n\t\t\t\t\t<\/div>\n\t\t<\/div>\n\t\t\t\t\t<\/div>\n\t\t<\/section>\n\t\t<div class=\"elementor-element elementor-element-b37d3a2 e-con-full e-flex e-con e-parent\" data-id=\"b37d3a2\" data-element_type=\"container\" data-e-type=\"container\" data-settings=\"{&quot;_ha_eqh_enable&quot;:false}\">\n\t\t\t\t<div class=\"elementor-element elementor-element-cdd4b1c elementor-widget-divider--view-line elementor-widget elementor-widget-divider\" data-id=\"cdd4b1c\" data-element_type=\"widget\" data-e-type=\"widget\" data-widget_type=\"divider.default\">\n\t\t\t\t<div class=\"elementor-widget-container\">\n\t\t\t\t\t\t\t<div class=\"elementor-divider\">\n\t\t\t<span class=\"elementor-divider-separator\">\n\t\t\t\t\t\t<\/span>\n\t\t<\/div>\n\t\t\t\t\t\t<\/div>\n\t\t\t\t<\/div>\n\t\t\t\t<\/div>\n\t\t\t\t<section class=\"elementor-section elementor-top-section elementor-element elementor-element-618840a elementor-section-boxed elementor-section-height-default elementor-section-height-default\" data-id=\"618840a\" data-element_type=\"section\" data-e-type=\"section\" data-settings=\"{&quot;_ha_eqh_enable&quot;:false}\">\n\t\t\t\t\t\t\t<div class=\"elementor-background-overlay\"><\/div>\n\t\t\t\t\t\t\t<div class=\"elementor-container elementor-column-gap-default\">\n\t\t\t\t\t<div class=\"elementor-column elementor-col-50 elementor-top-column elementor-element elementor-element-0fd24f4\" data-id=\"0fd24f4\" data-element_type=\"column\" data-e-type=\"column\">\n\t\t\t<div class=\"elementor-widget-wrap elementor-element-populated\">\n\t\t\t\t\t\t<div class=\"elementor-element elementor-element-1bf562e elementor-widget elementor-widget-heading\" data-id=\"1bf562e\" data-element_type=\"widget\" data-e-type=\"widget\" data-widget_type=\"heading.default\">\n\t\t\t\t<div class=\"elementor-widget-container\">\n\t\t\t\t\t<h4 class=\"elementor-heading-title elementor-size-default\"><a href=\"http:\/\/www.finnova.eu\">Sobre la Fundaci\u00f3n Finnova <\/a><\/h4>\t\t\t\t<\/div>\n\t\t\t\t<\/div>\n\t\t\t\t<div class=\"elementor-element elementor-element-22a9f06 elementor-widget elementor-widget-text-editor\" data-id=\"22a9f06\" data-element_type=\"widget\" data-e-type=\"widget\" data-widget_type=\"text-editor.default\">\n\t\t\t\t<div class=\"elementor-widget-container\">\n\t\t\t\t\t\t\t\t\t<p>Finnova es la fundaci\u00f3n hispano-belga sin \u00e1nimo de lucro con sede en Bruselas y Espa\u00f1a, que trabaja para la promoci\u00f3n y el desarrollo de la innovaci\u00f3n y el emprendimiento en la UE. La experiencia de Finnova en liderar actividades de comunicaci\u00f3n y difusi\u00f3n de proyectos europeos, siendo entidad l\u00edder de los proyectos Interreg, se combina con una s\u00f3lida trayectoria demostrada en programas de creaci\u00f3n de empresas y apoyo al emprendimiento, como aceleradoras, incubadoras y eventos, as\u00ed como su compromiso con la formaci\u00f3n y la empleabilidad de los j\u00f3venes. Su papel en LIFE COSTAdapta es servir de apoyo en la gesti\u00f3n del proyecto y liderar la comunicaci\u00f3n y diseminaci\u00f3n de sus resultados.<\/p>\t\t\t\t\t\t\t\t<\/div>\n\t\t\t\t<\/div>\n\t\t\t\t\t<\/div>\n\t\t<\/div>\n\t\t\t\t<div class=\"elementor-column elementor-col-50 elementor-top-column elementor-element elementor-element-c329b5f\" data-id=\"c329b5f\" data-element_type=\"column\" data-e-type=\"column\" data-settings=\"{&quot;background_background&quot;:&quot;classic&quot;}\">\n\t\t\t<div class=\"elementor-widget-wrap elementor-element-populated\">\n\t\t\t\t\t\t<div class=\"elementor-element elementor-element-2fb2359 elementor-widget elementor-widget-image\" data-id=\"2fb2359\" data-element_type=\"widget\" data-e-type=\"widget\" data-widget_type=\"image.default\">\n\t\t\t\t<div class=\"elementor-widget-container\">\n\t\t\t\t\t\t\t\t\t\t\t\t\t\t\t<img loading=\"lazy\" decoding=\"async\" width=\"580\" height=\"159\" src=\"https:\/\/costadapta.energiagrancanaria.com\/wp-content\/uploads\/2024\/10\/Finnova_Sin_Fondo-SEPT.png\" class=\"attachment-large size-large wp-image-873\" alt=\"\" srcset=\"https:\/\/costadapta.energiagrancanaria.com\/wp-content\/uploads\/2024\/10\/Finnova_Sin_Fondo-SEPT.png 768w, https:\/\/costadapta.energiagrancanaria.com\/wp-content\/uploads\/2024\/10\/Finnova_Sin_Fondo-SEPT-300x82.png 300w\" sizes=\"(max-width: 580px) 100vw, 580px\" \/>\t\t\t\t\t\t\t\t\t\t\t\t\t\t\t<\/div>\n\t\t\t\t<\/div>\n\t\t\t\t\t<\/div>\n\t\t<\/div>\n\t\t\t\t\t<\/div>\n\t\t<\/section>\n\t\t\t\t<\/div>\n\t\t","protected":false},"excerpt":{"rendered":"<p>Coordinador del proyecto Sobre el Consejo Insular de la Energ\u00eda de Gran Canaria (CIEGC) El\u00a0Consejo Insular de la Energ\u00eda de Gran Canaria (CIEGC)\u00a0es una entidad p\u00fablica empresarial del Cabildo de Gran Canaria que tiene como misi\u00f3n la implantaci\u00f3n de un modelo energ\u00e9tico alternativo basado en las energ\u00edas renovables y la eficiencia energ\u00e9tica.\u00a0El CIEGC gestiona subvenciones, [&hellip;]<\/p>\n","protected":false},"author":1,"featured_media":0,"parent":0,"menu_order":0,"comment_status":"closed","ping_status":"closed","template":"elementor_header_footer","meta":{"_monsterinsights_skip_tracking":false,"_monsterinsights_sitenote_active":false,"_monsterinsights_sitenote_note":"","_monsterinsights_sitenote_category":0,"footnotes":""},"class_list":["post-255","page","type-page","status-publish","hentry"],"_links":{"self":[{"href":"https:\/\/costadapta.energiagrancanaria.com\/index.php?rest_route=\/wp\/v2\/pages\/255","targetHints":{"allow":["GET"]}}],"collection":[{"href":"https:\/\/costadapta.energiagrancanaria.com\/index.php?rest_route=\/wp\/v2\/pages"}],"about":[{"href":"https:\/\/costadapta.energiagrancanaria.com\/index.php?rest_route=\/wp\/v2\/types\/page"}],"author":[{"embeddable":true,"href":"https:\/\/costadapta.energiagrancanaria.com\/index.php?rest_route=\/wp\/v2\/users\/1"}],"replies":[{"embeddable":true,"href":"https:\/\/costadapta.energiagrancanaria.com\/index.php?rest_route=%2Fwp%2Fv2%2Fcomments&post=255"}],"version-history":[{"count":15,"href":"https:\/\/costadapta.energiagrancanaria.com\/index.php?rest_route=\/wp\/v2\/pages\/255\/revisions"}],"predecessor-version":[{"id":1562,"href":"https:\/\/costadapta.energiagrancanaria.com\/index.php?rest_route=\/wp\/v2\/pages\/255\/revisions\/1562"}],"wp:attachment":[{"href":"https:\/\/costadapta.energiagrancanaria.com\/index.php?rest_route=%2Fwp%2Fv2%2Fmedia&parent=255"}],"curies":[{"name":"wp","href":"https:\/\/api.w.org\/{rel}","templated":true}]}}